{"version":"1.0","provider_name":"Desaf\u00edos \u00e9ticos, tecnocient\u00edficos y de la espiritualidad ecol\u00f3gica del siglo XXI","provider_url":"https:\/\/simposioteologia.ups.edu.ec\/en","author_name":"darmendariz","author_url":"https:\/\/simposioteologia.ups.edu.ec\/en\/author\/davidarmendariz\/","title":"Comit\u00e9 de Honor - Desaf\u00edos \u00e9ticos, tecnocient\u00edficos y de la espiritualidad ecol\u00f3gica del siglo XXI","type":"rich","width":600,"height":338,"html":"<blockquote class=\"wp-embedded-content\" data-secret=\"wCRuKGPgDv\"><a href=\"https:\/\/simposioteologia.ups.edu.ec\/en\/comites\/comite-de-honor\/\">Comit\u00e9 de Honor<\/a><\/blockquote><iframe sandbox=\"allow-scripts\" security=\"restricted\" src=\"https:\/\/simposioteologia.ups.edu.ec\/en\/comites\/comite-de-honor\/embed\/#?secret=wCRuKGPgDv\" width=\"600\" height=\"338\" title=\"&#8220;Comit\u00e9 de Honor&#8221; &#8212; Desaf\u00edos \u00e9ticos, tecnocient\u00edficos y de la espiritualidad ecol\u00f3gica del siglo XXI\" data-secret=\"wCRuKGPgDv\" frameborder=\"0\" marginwidth=\"0\" marginheight=\"0\" scrolling=\"no\" class=\"wp-embedded-content\"><\/iframe><script>\n\/*! This file is auto-generated *\/\n!function(d,l){\"use strict\";l.querySelector&&d.addEventListener&&\"undefined\"!=typeof URL&&(d.wp=d.wp||{},d.wp.receiveEmbedMessage||(d.wp.receiveEmbedMessage=function(e){var t=e.data;if((t||t.secret||t.message||t.value)&&!\/[^a-zA-Z0-9]\/.test(t.secret)){for(var s,r,n,a=l.querySelectorAll('iframe[data-secret=\"'+t.secret+'\"]'),o=l.querySelectorAll('blockquote[data-secret=\"'+t.secret+'\"]'),c=new RegExp(\"^https?:$\",\"i\"),i=0;i<o.length;i++)o[i].style.display=\"none\";for(i=0;i<a.length;i++)s=a[i],e.source===s.contentWindow&&(s.removeAttribute(\"style\"),\"height\"===t.message?(1e3<(r=parseInt(t.value,10))?r=1e3:~~r<200&&(r=200),s.height=r):\"link\"===t.message&&(r=new URL(s.getAttribute(\"src\")),n=new URL(t.value),c.test(n.protocol))&&n.host===r.host&&l.activeElement===s&&(d.top.location.href=t.value))}},d.addEventListener(\"message\",d.wp.receiveEmbedMessage,!1),l.addEventListener(\"DOMContentLoaded\",function(){for(var e,t,s=l.querySelectorAll(\"iframe.wp-embedded-content\"),r=0;r<s.length;r++)(t=(e=s[r]).getAttribute(\"data-secret\"))||(t=Math.random().toString(36).substring(2,12),e.src+=\"#?secret=\"+t,e.setAttribute(\"data-secret\",t)),e.contentWindow.postMessage({message:\"ready\",secret:t},\"*\")},!1)))}(window,document);\n\/\/# sourceURL=https:\/\/simposioteologia.ups.edu.ec\/wp-includes\/js\/wp-embed.min.js\n<\/script>","description":"Comit\u00e9 de Honor Mons. Alfredo Espinoza Arzobispo de Quito Mons. Luis Cabrera Presidente CEE Mons. Walter Eras Obispo de Loja Mons. Marcos P\u00e9rez Arzobispo de Cuenca P. Marcelo Farf\u00e1n Inspector Salesianos en el Ecuador P. Juan C\u00e1rdenas Rector Universidad Polit\u00e9cnica Salesiana P. Giovanni Ruso Director del Instituto Teol\u00f3gico San Tom\u00e1s de Messina"}