{"id":1243,"date":"2024-06-12T16:51:37","date_gmt":"2024-06-12T21:51:37","guid":{"rendered":"https:\/\/simposioteologia.ups.edu.ec\/?page_id=1243"},"modified":"2024-06-22T12:21:08","modified_gmt":"2024-06-22T17:21:08","slug":"inscripciones","status":"publish","type":"page","link":"https:\/\/simposioteologia.ups.edu.ec\/en\/inscripciones\/","title":{"rendered":"Inscripciones"},"content":{"rendered":"<div data-elementor-type=\"wp-page\" data-elementor-id=\"1243\" class=\"elementor elementor-1243\">\n\t\t\t\t<div class=\"elementor-element elementor-element-da073c7 e-flex e-con-boxed e-con e-parent\" data-id=\"da073c7\" data-element_type=\"container\" data-e-type=\"container\">\n\t\t\t\t\t<div class=\"e-con-inner\">\n\t\t\t\t<div class=\"elementor-element elementor-element-1a5af5a elementor-widget elementor-widget-image\" data-id=\"1a5af5a\" data-element_type=\"widget\" data-e-type=\"widget\" data-widget_type=\"image.default\">\n\t\t\t\t<div class=\"elementor-widget-container\">\n\t\t\t\t\t\t\t\t\t\t\t\t\t\t\t\t<a href=\"https:\/\/appwfp.ups.edu.ec\/foc-webins\/index.xhtml?prog=1201\">\n\t\t\t\t\t\t\t<img fetchpriority=\"high\" decoding=\"async\" width=\"1024\" height=\"576\" src=\"https:\/\/simposioteologia.ups.edu.ec\/wp-content\/uploads\/sites\/14\/2024\/06\/foto-de-inscripciones-_Mesa-de-trabajo-1-1024x576.jpg\" class=\"attachment-large size-large wp-image-1548\" alt=\"\" srcset=\"https:\/\/simposioteologia.ups.edu.ec\/wp-content\/uploads\/sites\/14\/2024\/06\/foto-de-inscripciones-_Mesa-de-trabajo-1-1024x576.jpg 1024w, https:\/\/simposioteologia.ups.edu.ec\/wp-content\/uploads\/sites\/14\/2024\/06\/foto-de-inscripciones-_Mesa-de-trabajo-1-300x169.jpg 300w, https:\/\/simposioteologia.ups.edu.ec\/wp-content\/uploads\/sites\/14\/2024\/06\/foto-de-inscripciones-_Mesa-de-trabajo-1-768x432.jpg 768w, https:\/\/simposioteologia.ups.edu.ec\/wp-content\/uploads\/sites\/14\/2024\/06\/foto-de-inscripciones-_Mesa-de-trabajo-1-1536x864.jpg 1536w, https:\/\/simposioteologia.ups.edu.ec\/wp-content\/uploads\/sites\/14\/2024\/06\/foto-de-inscripciones-_Mesa-de-trabajo-1-2048x1152.jpg 2048w, https:\/\/simposioteologia.ups.edu.ec\/wp-content\/uploads\/sites\/14\/2024\/06\/foto-de-inscripciones-_Mesa-de-trabajo-1-18x10.jpg 18w\" sizes=\"(max-width: 1024px) 100vw, 1024px\" \/>\t\t\t\t\t\t\t\t<\/a>\n\t\t\t\t\t\t\t\t\t\t\t\t\t\t\t<\/div>\n\t\t\t\t<\/div>\n\t\t\t\t\t<\/div>\n\t\t\t\t<\/div>\n\t\t\t\t<\/div>","protected":false},"excerpt":{"rendered":"<p>\/*! elementor &#8211; v3.16.0 &#8211; 20-09-2023 *\/ .elementor-widget-image{text-align:center}.elementor-widget-image a{display:inline-block}.elementor-widget-image a img[src$=\u00bb.svg\u00bb]{width:48px}.elementor-widget-image img{vertical-align:middle;display:inline-block}<\/p>\n","protected":false},"author":3,"featured_media":0,"parent":0,"menu_order":0,"comment_status":"closed","ping_status":"closed","template":"","meta":{"_kadence_starter_templates_imported_post":false,"_kad_post_transparent":"","_kad_post_title":"hide","_kad_post_layout":"fullwidth","_kad_post_sidebar_id":"","_kad_post_content_style":"unboxed","_kad_post_vertical_padding":"hide","_kad_post_feature":"hide","_kad_post_feature_position":"","_kad_post_header":false,"_kad_post_footer":false,"_kad_post_classname":"","footnotes":""},"class_list":["post-1243","page","type-page","status-publish","hentry"],"yoast_head":"<!-- This site is optimized with the Yoast SEO plugin v27.1.1 - https:\/\/yoast.com\/product\/yoast-seo-wordpress\/ -->\n<title>Inscripciones - Desaf\u00edos \u00e9ticos, tecnocient\u00edficos y de la espiritualidad ecol\u00f3gica del siglo XXI<\/title>\n<meta name=\"robots\" content=\"index, follow, max-snippet:-1, max-image-preview:large, max-video-preview:-1\" \/>\n<link rel=\"canonical\" href=\"https:\/\/simposioteologia.ups.edu.ec\/en\/inscripciones\/\" \/>\n<meta property=\"og:locale\" content=\"en_US\" \/>\n<meta property=\"og:type\" content=\"article\" \/>\n<meta property=\"og:title\" content=\"Inscripciones - Desaf\u00edos \u00e9ticos, tecnocient\u00edficos y de la espiritualidad ecol\u00f3gica del siglo XXI\" \/>\n<meta property=\"og:description\" content=\"\/*! elementor &#8211; v3.16.0 &#8211; 20-09-2023 *\/ .elementor-widget-image{text-align:center}.elementor-widget-image a{display:inline-block}.elementor-widget-image a img[src$=\u00bb.svg\u00bb]{width:48px}.elementor-widget-image img{vertical-align:middle;display:inline-block}\" \/>\n<meta property=\"og:url\" content=\"https:\/\/simposioteologia.ups.edu.ec\/en\/inscripciones\/\" \/>\n<meta property=\"og:site_name\" content=\"Desaf\u00edos \u00e9ticos, tecnocient\u00edficos y de la espiritualidad ecol\u00f3gica del siglo XXI\" \/>\n<meta property=\"article:modified_time\" content=\"2024-06-22T17:21:08+00:00\" \/>\n<meta property=\"og:image\" content=\"http:\/\/simposioteologia.ups.edu.ec\/wp-content\/uploads\/sites\/14\/2024\/06\/foto-de-inscripciones-_Mesa-de-trabajo-1-1024x576.jpg\" \/>\n<meta name=\"twitter:card\" content=\"summary_large_image\" \/>\n<script type=\"application\/ld+json\" class=\"yoast-schema-graph\">{\"@context\":\"https:\/\/schema.org\",\"@graph\":[{\"@type\":\"WebPage\",\"@id\":\"https:\/\/simposioteologia.ups.edu.ec\/inscripciones\/\",\"url\":\"https:\/\/simposioteologia.ups.edu.ec\/inscripciones\/\",\"name\":\"Inscripciones - Desaf\u00edos \u00e9ticos, tecnocient\u00edficos y de la espiritualidad ecol\u00f3gica del siglo XXI\",\"isPartOf\":{\"@id\":\"https:\/\/simposioteologia.ups.edu.ec\/#website\"},\"primaryImageOfPage\":{\"@id\":\"https:\/\/simposioteologia.ups.edu.ec\/inscripciones\/#primaryimage\"},\"image\":{\"@id\":\"https:\/\/simposioteologia.ups.edu.ec\/inscripciones\/#primaryimage\"},\"thumbnailUrl\":\"http:\/\/simposioteologia.ups.edu.ec\/wp-content\/uploads\/sites\/14\/2024\/06\/foto-de-inscripciones-_Mesa-de-trabajo-1-1024x576.jpg\",\"datePublished\":\"2024-06-12T21:51:37+00:00\",\"dateModified\":\"2024-06-22T17:21:08+00:00\",\"breadcrumb\":{\"@id\":\"https:\/\/simposioteologia.ups.edu.ec\/inscripciones\/#breadcrumb\"},\"inLanguage\":\"en-US\",\"potentialAction\":[{\"@type\":\"ReadAction\",\"target\":[\"https:\/\/simposioteologia.ups.edu.ec\/inscripciones\/\"]}]},{\"@type\":\"ImageObject\",\"inLanguage\":\"en-US\",\"@id\":\"https:\/\/simposioteologia.ups.edu.ec\/inscripciones\/#primaryimage\",\"url\":\"http:\/\/simposioteologia.ups.edu.ec\/wp-content\/uploads\/sites\/14\/2024\/06\/foto-de-inscripciones-_Mesa-de-trabajo-1-1024x576.jpg\",\"contentUrl\":\"http:\/\/simposioteologia.ups.edu.ec\/wp-content\/uploads\/sites\/14\/2024\/06\/foto-de-inscripciones-_Mesa-de-trabajo-1-1024x576.jpg\"},{\"@type\":\"BreadcrumbList\",\"@id\":\"https:\/\/simposioteologia.ups.edu.ec\/inscripciones\/#breadcrumb\",\"itemListElement\":[{\"@type\":\"ListItem\",\"position\":1,\"name\":\"Portada\",\"item\":\"https:\/\/simposioteologia.ups.edu.ec\/\"},{\"@type\":\"ListItem\",\"position\":2,\"name\":\"Inscripciones\"}]},{\"@type\":\"WebSite\",\"@id\":\"https:\/\/simposioteologia.ups.edu.ec\/#website\",\"url\":\"https:\/\/simposioteologia.ups.edu.ec\/\",\"name\":\"Desaf\u00edos \u00e9ticos, tecnocient\u00edficos y de la espiritualidad ecol\u00f3gica del siglo XXI\",\"description\":\"\",\"publisher\":{\"@id\":\"https:\/\/simposioteologia.ups.edu.ec\/#organization\"},\"potentialAction\":[{\"@type\":\"SearchAction\",\"target\":{\"@type\":\"EntryPoint\",\"urlTemplate\":\"https:\/\/simposioteologia.ups.edu.ec\/?s={search_term_string}\"},\"query-input\":{\"@type\":\"PropertyValueSpecification\",\"valueRequired\":true,\"valueName\":\"search_term_string\"}}],\"inLanguage\":\"en-US\"},{\"@type\":\"Organization\",\"@id\":\"https:\/\/simposioteologia.ups.edu.ec\/#organization\",\"name\":\"Desaf\u00edos \u00e9ticos, tecnocient\u00edficos y de la espiritualidad ecol\u00f3gica del siglo XXI\",\"url\":\"https:\/\/simposioteologia.ups.edu.ec\/\",\"logo\":{\"@type\":\"ImageObject\",\"inLanguage\":\"en-US\",\"@id\":\"https:\/\/simposioteologia.ups.edu.ec\/#\/schema\/logo\/image\/\",\"url\":\"https:\/\/simposioteologia.ups.edu.ec\/wp-content\/uploads\/sites\/14\/2024\/06\/cropped-LOGO-UPS-30-ANOS-COLOR.png\",\"contentUrl\":\"https:\/\/simposioteologia.ups.edu.ec\/wp-content\/uploads\/sites\/14\/2024\/06\/cropped-LOGO-UPS-30-ANOS-COLOR.png\",\"width\":2174,\"height\":430,\"caption\":\"Desaf\u00edos \u00e9ticos, tecnocient\u00edficos y de la espiritualidad ecol\u00f3gica del siglo XXI\"},\"image\":{\"@id\":\"https:\/\/simposioteologia.ups.edu.ec\/#\/schema\/logo\/image\/\"}}]}<\/script>\n<!-- \/ Yoast SEO plugin. -->","yoast_head_json":{"title":"Inscripciones - Desaf\u00edos \u00e9ticos, tecnocient\u00edficos y de la espiritualidad ecol\u00f3gica del siglo XXI","robots":{"index":"index","follow":"follow","max-snippet":"max-snippet:-1","max-image-preview":"max-image-preview:large","max-video-preview":"max-video-preview:-1"},"canonical":"https:\/\/simposioteologia.ups.edu.ec\/en\/inscripciones\/","og_locale":"en_US","og_type":"article","og_title":"Inscripciones - Desaf\u00edos \u00e9ticos, tecnocient\u00edficos y de la espiritualidad ecol\u00f3gica del siglo XXI","og_description":"\/*! elementor &#8211; v3.16.0 &#8211; 20-09-2023 *\/ .elementor-widget-image{text-align:center}.elementor-widget-image a{display:inline-block}.elementor-widget-image a img[src$=\u00bb.svg\u00bb]{width:48px}.elementor-widget-image img{vertical-align:middle;display:inline-block}","og_url":"https:\/\/simposioteologia.ups.edu.ec\/en\/inscripciones\/","og_site_name":"Desaf\u00edos \u00e9ticos, tecnocient\u00edficos y de la espiritualidad ecol\u00f3gica del siglo XXI","article_modified_time":"2024-06-22T17:21:08+00:00","og_image":[{"url":"http:\/\/simposioteologia.ups.edu.ec\/wp-content\/uploads\/sites\/14\/2024\/06\/foto-de-inscripciones-_Mesa-de-trabajo-1-1024x576.jpg","type":"","width":"","height":""}],"twitter_card":"summary_large_image","schema":{"@context":"https:\/\/schema.org","@graph":[{"@type":"WebPage","@id":"https:\/\/simposioteologia.ups.edu.ec\/inscripciones\/","url":"https:\/\/simposioteologia.ups.edu.ec\/inscripciones\/","name":"Inscripciones - Desaf\u00edos \u00e9ticos, tecnocient\u00edficos y de la espiritualidad ecol\u00f3gica del siglo XXI","isPartOf":{"@id":"https:\/\/simposioteologia.ups.edu.ec\/#website"},"primaryImageOfPage":{"@id":"https:\/\/simposioteologia.ups.edu.ec\/inscripciones\/#primaryimage"},"image":{"@id":"https:\/\/simposioteologia.ups.edu.ec\/inscripciones\/#primaryimage"},"thumbnailUrl":"http:\/\/simposioteologia.ups.edu.ec\/wp-content\/uploads\/sites\/14\/2024\/06\/foto-de-inscripciones-_Mesa-de-trabajo-1-1024x576.jpg","datePublished":"2024-06-12T21:51:37+00:00","dateModified":"2024-06-22T17:21:08+00:00","breadcrumb":{"@id":"https:\/\/simposioteologia.ups.edu.ec\/inscripciones\/#breadcrumb"},"inLanguage":"en-US","potentialAction":[{"@type":"ReadAction","target":["https:\/\/simposioteologia.ups.edu.ec\/inscripciones\/"]}]},{"@type":"ImageObject","inLanguage":"en-US","@id":"https:\/\/simposioteologia.ups.edu.ec\/inscripciones\/#primaryimage","url":"http:\/\/simposioteologia.ups.edu.ec\/wp-content\/uploads\/sites\/14\/2024\/06\/foto-de-inscripciones-_Mesa-de-trabajo-1-1024x576.jpg","contentUrl":"http:\/\/simposioteologia.ups.edu.ec\/wp-content\/uploads\/sites\/14\/2024\/06\/foto-de-inscripciones-_Mesa-de-trabajo-1-1024x576.jpg"},{"@type":"BreadcrumbList","@id":"https:\/\/simposioteologia.ups.edu.ec\/inscripciones\/#breadcrumb","itemListElement":[{"@type":"ListItem","position":1,"name":"Portada","item":"https:\/\/simposioteologia.ups.edu.ec\/"},{"@type":"ListItem","position":2,"name":"Inscripciones"}]},{"@type":"WebSite","@id":"https:\/\/simposioteologia.ups.edu.ec\/#website","url":"https:\/\/simposioteologia.ups.edu.ec\/","name":"Desaf\u00edos \u00e9ticos, tecnocient\u00edficos y de la espiritualidad ecol\u00f3gica del siglo XXI","description":"","publisher":{"@id":"https:\/\/simposioteologia.ups.edu.ec\/#organization"},"potentialAction":[{"@type":"SearchAction","target":{"@type":"EntryPoint","urlTemplate":"https:\/\/simposioteologia.ups.edu.ec\/?s={search_term_string}"},"query-input":{"@type":"PropertyValueSpecification","valueRequired":true,"valueName":"search_term_string"}}],"inLanguage":"en-US"},{"@type":"Organization","@id":"https:\/\/simposioteologia.ups.edu.ec\/#organization","name":"Desaf\u00edos \u00e9ticos, tecnocient\u00edficos y de la espiritualidad ecol\u00f3gica del siglo XXI","url":"https:\/\/simposioteologia.ups.edu.ec\/","logo":{"@type":"ImageObject","inLanguage":"en-US","@id":"https:\/\/simposioteologia.ups.edu.ec\/#\/schema\/logo\/image\/","url":"https:\/\/simposioteologia.ups.edu.ec\/wp-content\/uploads\/sites\/14\/2024\/06\/cropped-LOGO-UPS-30-ANOS-COLOR.png","contentUrl":"https:\/\/simposioteologia.ups.edu.ec\/wp-content\/uploads\/sites\/14\/2024\/06\/cropped-LOGO-UPS-30-ANOS-COLOR.png","width":2174,"height":430,"caption":"Desaf\u00edos \u00e9ticos, tecnocient\u00edficos y de la espiritualidad ecol\u00f3gica del siglo XXI"},"image":{"@id":"https:\/\/simposioteologia.ups.edu.ec\/#\/schema\/logo\/image\/"}}]}},"_links":{"self":[{"href":"https:\/\/simposioteologia.ups.edu.ec\/en\/wp-json\/wp\/v2\/pages\/1243","targetHints":{"allow":["GET"]}}],"collection":[{"href":"https:\/\/simposioteologia.ups.edu.ec\/en\/wp-json\/wp\/v2\/pages"}],"about":[{"href":"https:\/\/simposioteologia.ups.edu.ec\/en\/wp-json\/wp\/v2\/types\/page"}],"author":[{"embeddable":true,"href":"https:\/\/simposioteologia.ups.edu.ec\/en\/wp-json\/wp\/v2\/users\/3"}],"replies":[{"embeddable":true,"href":"https:\/\/simposioteologia.ups.edu.ec\/en\/wp-json\/wp\/v2\/comments?post=1243"}],"version-history":[{"count":7,"href":"https:\/\/simposioteologia.ups.edu.ec\/en\/wp-json\/wp\/v2\/pages\/1243\/revisions"}],"predecessor-version":[{"id":1554,"href":"https:\/\/simposioteologia.ups.edu.ec\/en\/wp-json\/wp\/v2\/pages\/1243\/revisions\/1554"}],"wp:attachment":[{"href":"https:\/\/simposioteologia.ups.edu.ec\/en\/wp-json\/wp\/v2\/media?parent=1243"}],"curies":[{"name":"wp","href":"https:\/\/api.w.org\/{rel}","templated":true}]}}