{"id":1253,"date":"2024-06-12T16:58:23","date_gmt":"2024-06-12T21:58:23","guid":{"rendered":"https:\/\/simposioteologia.ups.edu.ec\/?page_id=1253"},"modified":"2024-06-19T12:05:47","modified_gmt":"2024-06-19T17:05:47","slug":"comite-cientifico","status":"publish","type":"page","link":"https:\/\/simposioteologia.ups.edu.ec\/en\/comites\/comite-cientifico\/","title":{"rendered":"Comit\u00e9 Cient\u00edfico"},"content":{"rendered":"<ul class=\"wp-block-list\">\n<li>Mons. Alfredo Espinoza \u00a0\u00a0\u00a0\u00a0\u00a0\u00a0\u00a0\u00a0\u00a0\u00a0\u00a0\u00a0\u00a0 \u00a0\u00a0\u00a0\u00a0\u00a0\u00a0\u00a0\u00a0\u00a0\u00a0\u00a0\u00a0\u00a0\u00a0 Arzobispo de Quito\u00a0\u00a0<\/li>\n\n\n\n<li>Mons. Luis Cabrera\u00a0\u00a0\u00a0\u00a0\u00a0\u00a0\u00a0\u00a0 \u00a0\u00a0\u00a0\u00a0\u00a0\u00a0\u00a0\u00a0\u00a0\u00a0\u00a0\u00a0\u00a0\u00a0 \u00a0\u00a0\u00a0\u00a0\u00a0\u00a0\u00a0\u00a0\u00a0\u00a0\u00a0\u00a0\u00a0\u00a0 Presidente CEE\u00a0<\/li>\n\n\n\n<li>Mons. Walter Eras\u00a0\u00a0\u00a0\u00a0\u00a0\u00a0\u00a0\u00a0\u00a0 \u00a0\u00a0\u00a0\u00a0\u00a0\u00a0\u00a0\u00a0\u00a0\u00a0\u00a0\u00a0\u00a0\u00a0 \u00a0\u00a0\u00a0\u00a0\u00a0\u00a0\u00a0\u00a0\u00a0\u00a0\u00a0\u00a0\u00a0\u00a0 Obispo de Loja\u00a0<\/li>\n\n\n\n<li>Mons. Marcos P\u00e9rez\u00a0\u00a0\u00a0\u00a0\u00a0 \u00a0\u00a0\u00a0\u00a0\u00a0\u00a0\u00a0\u00a0\u00a0\u00a0\u00a0\u00a0\u00a0\u00a0 Arzobispo de Cuenca\u00a0<\/li>\n\n\n\n<li>P. Marcelo Farf\u00e1n\u00a0\u00a0\u00a0\u00a0\u00a0\u00a0\u00a0\u00a0\u00a0\u00a0 \u00a0\u00a0\u00a0\u00a0\u00a0\u00a0\u00a0\u00a0\u00a0\u00a0\u00a0\u00a0\u00a0\u00a0 \u00a0\u00a0\u00a0\u00a0\u00a0\u00a0\u00a0\u00a0\u00a0\u00a0\u00a0\u00a0\u00a0\u00a0 Inspector Salesianos en el Ecuador\u00a0<\/li>\n\n\n\n<li>P. Juan C\u00e1rdenas\u00a0\u00a0\u00a0\u00a0\u00a0\u00a0\u00a0\u00a0\u00a0\u00a0\u00a0\u00a0 \u00a0\u00a0\u00a0\u00a0\u00a0\u00a0\u00a0\u00a0\u00a0\u00a0\u00a0\u00a0\u00a0\u00a0 \u00a0\u00a0\u00a0\u00a0\u00a0\u00a0\u00a0\u00a0\u00a0\u00a0\u00a0\u00a0\u00a0\u00a0 Rector UPS\u00a0<\/li>\n\n\n\n<li>P. Luis \u00c1ngel Banegas\u00a0\u00a0\u00a0 \u00a0\u00a0\u00a0\u00a0\u00a0\u00a0\u00a0\u00a0\u00a0\u00a0\u00a0\u00a0\u00a0\u00a0 Coordinador del evento. Responsable Pastoral Cuenca\u00a0<\/li>\n\n\n\n<li>P. Marcelo\u00a0\u00a0\u00a0\u00a0\u00a0\u00a0\u00a0\u00a0\u00a0 Coronel \u00a0\u00a0\u00a0\u00a0\u00a0\u00a0\u00a0\u00a0\u00a0\u00a0\u00a0\u00a0\u00a0\u00a0 \u00a0\u00a0\u00a0\u00a0\u00a0\u00a0\u00a0\u00a0\u00a0\u00a0\u00a0\u00a0\u00a0\u00a0 Responsable Pastoral Quito\u00a0<\/li>\n\n\n\n<li>P. Ra\u00fal Conza\u00a0\u00a0\u00a0 \u00a0\u00a0\u00a0\u00a0\u00a0\u00a0\u00a0\u00a0\u00a0\u00a0\u00a0\u00a0\u00a0\u00a0 \u00a0\u00a0\u00a0\u00a0\u00a0\u00a0\u00a0\u00a0\u00a0\u00a0\u00a0\u00a0\u00a0\u00a0 Responsable Pastoral Guayaquil\u00a0\u00a0\u00a0\u00a0\u00a0\u00a0\u00a0\u00a0\u00a0\u00a0\u00a0\u00a0\u00a0\u00a0 \u00a0<\/li>\n\n\n\n<li>P. Giovanni Ruso\u00a0\u00a0\u00a0\u00a0\u00a0\u00a0\u00a0\u00a0\u00a0\u00a0\u00a0\u00a0 \u00a0\u00a0\u00a0\u00a0\u00a0\u00a0\u00a0\u00a0\u00a0\u00a0\u00a0\u00a0\u00a0\u00a0 \u00a0\u00a0\u00a0\u00a0\u00a0\u00a0\u00a0\u00a0\u00a0\u00a0\u00a0\u00a0\u00a0\u00a0 Director del Instituto Teol\u00f3gico San Tom\u00e1s de Messina\u00a0<\/li>\n\n\n\n<li>P. Edgar Abad\u00a0\u00a0\u00a0 \u00a0\u00a0\u00a0\u00a0\u00a0\u00a0\u00a0\u00a0\u00a0\u00a0\u00a0\u00a0\u00a0\u00a0 \u00a0\u00a0\u00a0\u00a0\u00a0\u00a0\u00a0\u00a0\u00a0\u00a0\u00a0\u00a0\u00a0\u00a0 Responsable Instituto \u201cCardenal Echeverr\u00eda\u201d\u00a0<\/li>\n\n\n\n<li>Fernando Pes\u00e1ntez\u00a0\u00a0\u00a0\u00a0\u00a0\u00a0\u00a0\u00a0 \u00a0\u00a0\u00a0\u00a0\u00a0\u00a0\u00a0\u00a0\u00a0\u00a0\u00a0\u00a0\u00a0\u00a0 \u00a0\u00a0\u00a0\u00a0\u00a0\u00a0\u00a0\u00a0\u00a0\u00a0\u00a0\u00a0\u00a0\u00a0 Vicerrector General\u00a0<\/li>\n\n\n\n<li>Angela Flores\u00a0\u00a0\u00a0\u00a0 \u00a0\u00a0\u00a0\u00a0\u00a0\u00a0\u00a0\u00a0\u00a0\u00a0\u00a0\u00a0\u00a0\u00a0 \u00a0\u00a0\u00a0\u00a0\u00a0\u00a0\u00a0\u00a0\u00a0\u00a0\u00a0\u00a0\u00a0\u00a0 Vicerrectora Acad\u00e9mica\u00a0<\/li>\n\n\n\n<li>Esteban Inga\u00a0\u00a0\u00a0\u00a0 \u00a0\u00a0\u00a0\u00a0\u00a0\u00a0\u00a0\u00a0\u00a0\u00a0\u00a0\u00a0\u00a0\u00a0 \u00a0\u00a0\u00a0\u00a0\u00a0\u00a0\u00a0\u00a0\u00a0\u00a0\u00a0\u00a0\u00a0\u00a0 Vicerrector de Investigaci\u00f3n\u00a0<\/li>\n\n\n\n<li>Vladimir Robles \u00a0\u00a0\u00a0\u00a0\u00a0\u00a0\u00a0\u00a0\u00a0\u00a0\u00a0\u00a0\u00a0\u00a0 \u00a0\u00a0\u00a0\u00a0\u00a0\u00a0\u00a0\u00a0\u00a0\u00a0\u00a0\u00a0\u00a0\u00a0 Vicerrector Posgrados\u00a0<\/li>\n\n\n\n<li>Mar\u00eda Sol Villag\u00f3mez\u00a0\u00a0\u00a0\u00a0 \u00a0\u00a0\u00a0\u00a0\u00a0\u00a0\u00a0\u00a0\u00a0\u00a0\u00a0\u00a0\u00a0\u00a0 Vicerrectora sede Quito\u00a0<\/li>\n\n\n\n<li>Fernando Moscoso\u00a0\u00a0\u00a0\u00a0\u00a0\u00a0\u00a0 \u00a0\u00a0\u00a0\u00a0\u00a0\u00a0\u00a0\u00a0\u00a0\u00a0\u00a0\u00a0\u00a0\u00a0 \u00a0\u00a0\u00a0\u00a0\u00a0\u00a0\u00a0\u00a0\u00a0\u00a0\u00a0\u00a0\u00a0\u00a0 Vicerrector sede Cuenca\u00a0<\/li>\n\n\n\n<li>Ra\u00fal \u00c1lvarez\u00a0\u00a0\u00a0\u00a0\u00a0\u00a0 \u00a0\u00a0\u00a0\u00a0\u00a0\u00a0\u00a0\u00a0\u00a0\u00a0\u00a0\u00a0\u00a0\u00a0 \u00a0\u00a0\u00a0\u00a0\u00a0\u00a0\u00a0\u00a0\u00a0\u00a0\u00a0\u00a0\u00a0\u00a0 Vicerrector sede Guayaquil\u00a0<\/li>\n\n\n\n<li>Santiago Quishpe\u00a0\u00a0\u00a0\u00a0\u00a0\u00a0\u00a0\u00a0\u00a0\u00a0\u00a0 \u00a0\u00a0\u00a0\u00a0\u00a0\u00a0\u00a0\u00a0\u00a0\u00a0\u00a0\u00a0\u00a0\u00a0 \u00a0\u00a0\u00a0\u00a0\u00a0\u00a0\u00a0\u00a0\u00a0\u00a0\u00a0\u00a0\u00a0\u00a0 Coordinador del simposio\u00a0<\/li>\n\n\n\n<li>Darwin Reyes\u00a0\u00a0\u00a0 \u00a0\u00a0\u00a0\u00a0\u00a0\u00a0\u00a0\u00a0\u00a0\u00a0\u00a0\u00a0\u00a0\u00a0 \u00a0\u00a0\u00a0\u00a0\u00a0\u00a0\u00a0\u00a0\u00a0\u00a0\u00a0\u00a0\u00a0\u00a0 Coordinador del simposio\u00a0<\/li>\n\n\n\n<li>Elizabeth Pillco\u00a0 \u00a0\u00a0\u00a0\u00a0\u00a0\u00a0\u00a0\u00a0\u00a0\u00a0\u00a0\u00a0\u00a0\u00a0 \u00a0\u00a0\u00a0\u00a0\u00a0\u00a0\u00a0\u00a0\u00a0\u00a0\u00a0\u00a0\u00a0\u00a0 Secretar\u00eda simposio\u00a0<\/li>\n\n\n\n<li>Eduardo Paucar\u00a0\u00a0\u00a0\u00a0\u00a0\u00a0\u00a0\u00a0\u00a0\u00a0\u00a0\u00a0\u00a0\u00a0 \u00a0\u00a0\u00a0\u00a0\u00a0\u00a0\u00a0\u00a0\u00a0\u00a0\u00a0\u00a0\u00a0\u00a0 \u00a0\u00a0\u00a0\u00a0\u00a0\u00a0\u00a0\u00a0\u00a0\u00a0\u00a0\u00a0\u00a0\u00a0 Grupo de Investigaci\u00f3n en Teolog\u00eda\u00a0<\/li>\n\n\n\n<li>Johan M\u00e9ndez\u00a0\u00a0 \u00a0\u00a0\u00a0\u00a0\u00a0\u00a0\u00a0\u00a0\u00a0\u00a0\u00a0\u00a0\u00a0\u00a0 \u00a0\u00a0\u00a0\u00a0\u00a0\u00a0\u00a0\u00a0\u00a0\u00a0\u00a0\u00a0\u00a0\u00a0 Grupo Ataraxia\u00a0<\/li>\n\n\n\n<li>Kl\u00e9ber Zuna\u00a0\u00a0\u00a0\u00a0\u00a0\u00a0\u00a0 \u00a0\u00a0\u00a0\u00a0\u00a0\u00a0\u00a0\u00a0\u00a0\u00a0\u00a0\u00a0\u00a0\u00a0 \u00a0\u00a0\u00a0\u00a0\u00a0\u00a0\u00a0\u00a0\u00a0\u00a0\u00a0\u00a0\u00a0\u00a0 Innovaci\u00f3n, di\u00e1logo de saberes raz\u00f3n y fe\u00a0<\/li>\n\n\n\n<li>Dra. Ver\u00f3nica Loor\u00a0\u00a0\u00a0\u00a0\u00a0\u00a0\u00a0\u00a0 \u00a0\u00a0\u00a0\u00a0\u00a0\u00a0\u00a0\u00a0\u00a0\u00a0\u00a0\u00a0\u00a0\u00a0 \u00a0\u00a0\u00a0\u00a0\u00a0\u00a0\u00a0\u00a0\u00a0\u00a0\u00a0\u00a0\u00a0\u00a0 Carrera de Teolog\u00eda en l\u00ednea UPS\u00a0<\/li>\n\n\n\n<li>Dr. V\u00edctor Iza \u00a0\u00a0\u00a0 \u00a0\u00a0\u00a0\u00a0\u00a0\u00a0\u00a0\u00a0\u00a0\u00a0\u00a0\u00a0\u00a0\u00a0 \u00a0\u00a0\u00a0\u00a0\u00a0\u00a0\u00a0\u00a0\u00a0\u00a0\u00a0\u00a0\u00a0\u00a0 Director del \u00e1rea raz\u00f3n y fe \u00a0<\/li>\n<\/ul>","protected":false},"excerpt":{"rendered":"","protected":false},"author":3,"featured_media":0,"parent":11,"menu_order":0,"comment_status":"closed","ping_status":"closed","template":"","meta":{"_kadence_starter_templates_imported_post":false,"_kad_post_transparent":"","_kad_post_title":"","_kad_post_layout":"","_kad_post_sidebar_id":"","_kad_post_content_style":"","_kad_post_vertical_padding":"","_kad_post_feature":"","_kad_post_feature_position":"","_kad_post_header":false,"_kad_post_footer":false,"_kad_post_classname":"","footnotes":""},"class_list":["post-1253","page","type-page","status-publish","hentry"],"yoast_head":"<!-- This site is optimized with the Yoast SEO plugin v27.1.1 - https:\/\/yoast.com\/product\/yoast-seo-wordpress\/ -->\n<title>Comit\u00e9 Cient\u00edfico - Desaf\u00edos \u00e9ticos, tecnocient\u00edficos y de la espiritualidad ecol\u00f3gica del siglo XXI<\/title>\n<meta name=\"robots\" content=\"index, follow, max-snippet:-1, max-image-preview:large, max-video-preview:-1\" \/>\n<link rel=\"canonical\" href=\"https:\/\/simposioteologia.ups.edu.ec\/en\/comites\/comite-cientifico\/\" \/>\n<meta property=\"og:locale\" content=\"en_US\" \/>\n<meta property=\"og:type\" content=\"article\" \/>\n<meta property=\"og:title\" content=\"Comit\u00e9 Cient\u00edfico - Desaf\u00edos \u00e9ticos, tecnocient\u00edficos y de la espiritualidad ecol\u00f3gica del siglo XXI\" \/>\n<meta property=\"og:url\" content=\"https:\/\/simposioteologia.ups.edu.ec\/en\/comites\/comite-cientifico\/\" \/>\n<meta property=\"og:site_name\" content=\"Desaf\u00edos \u00e9ticos, tecnocient\u00edficos y de la espiritualidad ecol\u00f3gica del siglo XXI\" \/>\n<meta property=\"article:modified_time\" content=\"2024-06-19T17:05:47+00:00\" \/>\n<meta name=\"twitter:card\" content=\"summary_large_image\" \/>\n<meta name=\"twitter:label1\" content=\"Est. reading time\" \/>\n\t<meta name=\"twitter:data1\" content=\"1 minute\" \/>\n<script type=\"application\/ld+json\" class=\"yoast-schema-graph\">{\"@context\":\"https:\/\/schema.org\",\"@graph\":[{\"@type\":\"WebPage\",\"@id\":\"https:\/\/simposioteologia.ups.edu.ec\/comites\/comite-cientifico\/\",\"url\":\"https:\/\/simposioteologia.ups.edu.ec\/comites\/comite-cientifico\/\",\"name\":\"Comit\u00e9 Cient\u00edfico - Desaf\u00edos \u00e9ticos, tecnocient\u00edficos y de la espiritualidad ecol\u00f3gica del siglo XXI\",\"isPartOf\":{\"@id\":\"https:\/\/simposioteologia.ups.edu.ec\/#website\"},\"datePublished\":\"2024-06-12T21:58:23+00:00\",\"dateModified\":\"2024-06-19T17:05:47+00:00\",\"breadcrumb\":{\"@id\":\"https:\/\/simposioteologia.ups.edu.ec\/comites\/comite-cientifico\/#breadcrumb\"},\"inLanguage\":\"en-US\",\"potentialAction\":[{\"@type\":\"ReadAction\",\"target\":[\"https:\/\/simposioteologia.ups.edu.ec\/comites\/comite-cientifico\/\"]}]},{\"@type\":\"BreadcrumbList\",\"@id\":\"https:\/\/simposioteologia.ups.edu.ec\/comites\/comite-cientifico\/#breadcrumb\",\"itemListElement\":[{\"@type\":\"ListItem\",\"position\":1,\"name\":\"Portada\",\"item\":\"https:\/\/simposioteologia.ups.edu.ec\/\"},{\"@type\":\"ListItem\",\"position\":2,\"name\":\"Comit\u00e9s\",\"item\":\"https:\/\/simposioteologia.ups.edu.ec\/comites\/\"},{\"@type\":\"ListItem\",\"position\":3,\"name\":\"Comit\u00e9 Cient\u00edfico\"}]},{\"@type\":\"WebSite\",\"@id\":\"https:\/\/simposioteologia.ups.edu.ec\/#website\",\"url\":\"https:\/\/simposioteologia.ups.edu.ec\/\",\"name\":\"Desaf\u00edos \u00e9ticos, tecnocient\u00edficos y de la espiritualidad ecol\u00f3gica del siglo XXI\",\"description\":\"\",\"publisher\":{\"@id\":\"https:\/\/simposioteologia.ups.edu.ec\/#organization\"},\"potentialAction\":[{\"@type\":\"SearchAction\",\"target\":{\"@type\":\"EntryPoint\",\"urlTemplate\":\"https:\/\/simposioteologia.ups.edu.ec\/?s={search_term_string}\"},\"query-input\":{\"@type\":\"PropertyValueSpecification\",\"valueRequired\":true,\"valueName\":\"search_term_string\"}}],\"inLanguage\":\"en-US\"},{\"@type\":\"Organization\",\"@id\":\"https:\/\/simposioteologia.ups.edu.ec\/#organization\",\"name\":\"Desaf\u00edos \u00e9ticos, tecnocient\u00edficos y de la espiritualidad ecol\u00f3gica del siglo XXI\",\"url\":\"https:\/\/simposioteologia.ups.edu.ec\/\",\"logo\":{\"@type\":\"ImageObject\",\"inLanguage\":\"en-US\",\"@id\":\"https:\/\/simposioteologia.ups.edu.ec\/#\/schema\/logo\/image\/\",\"url\":\"https:\/\/simposioteologia.ups.edu.ec\/wp-content\/uploads\/sites\/14\/2024\/06\/cropped-LOGO-UPS-30-ANOS-COLOR.png\",\"contentUrl\":\"https:\/\/simposioteologia.ups.edu.ec\/wp-content\/uploads\/sites\/14\/2024\/06\/cropped-LOGO-UPS-30-ANOS-COLOR.png\",\"width\":2174,\"height\":430,\"caption\":\"Desaf\u00edos \u00e9ticos, tecnocient\u00edficos y de la espiritualidad ecol\u00f3gica del siglo XXI\"},\"image\":{\"@id\":\"https:\/\/simposioteologia.ups.edu.ec\/#\/schema\/logo\/image\/\"}}]}<\/script>\n<!-- \/ Yoast SEO plugin. -->","yoast_head_json":{"title":"Comit\u00e9 Cient\u00edfico - Desaf\u00edos \u00e9ticos, tecnocient\u00edficos y de la espiritualidad ecol\u00f3gica del siglo XXI","robots":{"index":"index","follow":"follow","max-snippet":"max-snippet:-1","max-image-preview":"max-image-preview:large","max-video-preview":"max-video-preview:-1"},"canonical":"https:\/\/simposioteologia.ups.edu.ec\/en\/comites\/comite-cientifico\/","og_locale":"en_US","og_type":"article","og_title":"Comit\u00e9 Cient\u00edfico - Desaf\u00edos \u00e9ticos, tecnocient\u00edficos y de la espiritualidad ecol\u00f3gica del siglo XXI","og_url":"https:\/\/simposioteologia.ups.edu.ec\/en\/comites\/comite-cientifico\/","og_site_name":"Desaf\u00edos \u00e9ticos, tecnocient\u00edficos y de la espiritualidad ecol\u00f3gica del siglo XXI","article_modified_time":"2024-06-19T17:05:47+00:00","twitter_card":"summary_large_image","twitter_misc":{"Est. reading time":"1 minute"},"schema":{"@context":"https:\/\/schema.org","@graph":[{"@type":"WebPage","@id":"https:\/\/simposioteologia.ups.edu.ec\/comites\/comite-cientifico\/","url":"https:\/\/simposioteologia.ups.edu.ec\/comites\/comite-cientifico\/","name":"Comit\u00e9 Cient\u00edfico - Desaf\u00edos \u00e9ticos, tecnocient\u00edficos y de la espiritualidad ecol\u00f3gica del siglo XXI","isPartOf":{"@id":"https:\/\/simposioteologia.ups.edu.ec\/#website"},"datePublished":"2024-06-12T21:58:23+00:00","dateModified":"2024-06-19T17:05:47+00:00","breadcrumb":{"@id":"https:\/\/simposioteologia.ups.edu.ec\/comites\/comite-cientifico\/#breadcrumb"},"inLanguage":"en-US","potentialAction":[{"@type":"ReadAction","target":["https:\/\/simposioteologia.ups.edu.ec\/comites\/comite-cientifico\/"]}]},{"@type":"BreadcrumbList","@id":"https:\/\/simposioteologia.ups.edu.ec\/comites\/comite-cientifico\/#breadcrumb","itemListElement":[{"@type":"ListItem","position":1,"name":"Portada","item":"https:\/\/simposioteologia.ups.edu.ec\/"},{"@type":"ListItem","position":2,"name":"Comit\u00e9s","item":"https:\/\/simposioteologia.ups.edu.ec\/comites\/"},{"@type":"ListItem","position":3,"name":"Comit\u00e9 Cient\u00edfico"}]},{"@type":"WebSite","@id":"https:\/\/simposioteologia.ups.edu.ec\/#website","url":"https:\/\/simposioteologia.ups.edu.ec\/","name":"Desaf\u00edos \u00e9ticos, tecnocient\u00edficos y de la espiritualidad ecol\u00f3gica del siglo XXI","description":"","publisher":{"@id":"https:\/\/simposioteologia.ups.edu.ec\/#organization"},"potentialAction":[{"@type":"SearchAction","target":{"@type":"EntryPoint","urlTemplate":"https:\/\/simposioteologia.ups.edu.ec\/?s={search_term_string}"},"query-input":{"@type":"PropertyValueSpecification","valueRequired":true,"valueName":"search_term_string"}}],"inLanguage":"en-US"},{"@type":"Organization","@id":"https:\/\/simposioteologia.ups.edu.ec\/#organization","name":"Desaf\u00edos \u00e9ticos, tecnocient\u00edficos y de la espiritualidad ecol\u00f3gica del siglo XXI","url":"https:\/\/simposioteologia.ups.edu.ec\/","logo":{"@type":"ImageObject","inLanguage":"en-US","@id":"https:\/\/simposioteologia.ups.edu.ec\/#\/schema\/logo\/image\/","url":"https:\/\/simposioteologia.ups.edu.ec\/wp-content\/uploads\/sites\/14\/2024\/06\/cropped-LOGO-UPS-30-ANOS-COLOR.png","contentUrl":"https:\/\/simposioteologia.ups.edu.ec\/wp-content\/uploads\/sites\/14\/2024\/06\/cropped-LOGO-UPS-30-ANOS-COLOR.png","width":2174,"height":430,"caption":"Desaf\u00edos \u00e9ticos, tecnocient\u00edficos y de la espiritualidad ecol\u00f3gica del siglo XXI"},"image":{"@id":"https:\/\/simposioteologia.ups.edu.ec\/#\/schema\/logo\/image\/"}}]}},"_links":{"self":[{"href":"https:\/\/simposioteologia.ups.edu.ec\/en\/wp-json\/wp\/v2\/pages\/1253","targetHints":{"allow":["GET"]}}],"collection":[{"href":"https:\/\/simposioteologia.ups.edu.ec\/en\/wp-json\/wp\/v2\/pages"}],"about":[{"href":"https:\/\/simposioteologia.ups.edu.ec\/en\/wp-json\/wp\/v2\/types\/page"}],"author":[{"embeddable":true,"href":"https:\/\/simposioteologia.ups.edu.ec\/en\/wp-json\/wp\/v2\/users\/3"}],"replies":[{"embeddable":true,"href":"https:\/\/simposioteologia.ups.edu.ec\/en\/wp-json\/wp\/v2\/comments?post=1253"}],"version-history":[{"count":3,"href":"https:\/\/simposioteologia.ups.edu.ec\/en\/wp-json\/wp\/v2\/pages\/1253\/revisions"}],"predecessor-version":[{"id":1390,"href":"https:\/\/simposioteologia.ups.edu.ec\/en\/wp-json\/wp\/v2\/pages\/1253\/revisions\/1390"}],"up":[{"embeddable":true,"href":"https:\/\/simposioteologia.ups.edu.ec\/en\/wp-json\/wp\/v2\/pages\/11"}],"wp:attachment":[{"href":"https:\/\/simposioteologia.ups.edu.ec\/en\/wp-json\/wp\/v2\/media?parent=1253"}],"curies":[{"name":"wp","href":"https:\/\/api.w.org\/{rel}","templated":true}]}}