{"id":1257,"date":"2024-06-12T17:00:39","date_gmt":"2024-06-12T22:00:39","guid":{"rendered":"https:\/\/simposioteologia.ups.edu.ec\/?page_id=1257"},"modified":"2024-06-21T10:14:53","modified_gmt":"2024-06-21T15:14:53","slug":"comite-organizador","status":"publish","type":"page","link":"https:\/\/simposioteologia.ups.edu.ec\/en\/comites\/comite-organizador\/","title":{"rendered":"Comit\u00e9 Organizador"},"content":{"rendered":"<figure class=\"wp-block-table\"><table><tbody><tr><td class=\"has-text-align-center\" data-align=\"center\" colspan=\"2\"><strong>Comit\u00e9 organizador<\/strong><\/td><\/tr><tr><td class=\"has-text-align-center\" data-align=\"center\">Fernando Pes\u00e1ntez<\/td><td class=\"has-text-align-center\" data-align=\"center\">Vicerrector General<\/td><\/tr><tr><td class=\"has-text-align-center\" data-align=\"center\">Mar\u00eda Sol Villag\u00f3mez<\/td><td class=\"has-text-align-center\" data-align=\"center\">Vicerrectora sede Quito<\/td><\/tr><tr><td class=\"has-text-align-center\" data-align=\"center\">Fernando Moscoso<\/td><td class=\"has-text-align-center\" data-align=\"center\">Vicerrector sede Cuenca<\/td><\/tr><tr><td class=\"has-text-align-center\" data-align=\"center\">Ra\u00fal \u00c1lvarez<\/td><td class=\"has-text-align-center\" data-align=\"center\">Vicerrector sede Guayaquil<\/td><\/tr><tr><td class=\"has-text-align-center\" data-align=\"center\">Santiago Quishpe<\/td><td class=\"has-text-align-center\" data-align=\"center\">Coordinador del simposio<\/td><\/tr><tr><td class=\"has-text-align-center\" data-align=\"center\">Darwin Reyes<\/td><td class=\"has-text-align-center\" data-align=\"center\">Coordinador del simposio<\/td><\/tr><tr><td class=\"has-text-align-center\" data-align=\"center\">Elizabeth Pillco<\/td><td class=\"has-text-align-center\" data-align=\"center\">Secretar\u00eda simposio<\/td><\/tr><tr><td class=\"has-text-align-center\" data-align=\"center\">Cuenca<\/td><td class=\"has-text-align-center\" data-align=\"center\">Contabilidad<\/td><\/tr><tr><td class=\"has-text-align-center\" data-align=\"center\">Cuenca<\/td><td class=\"has-text-align-center\" data-align=\"center\">Sistemas<\/td><\/tr><tr><td class=\"has-text-align-center\" data-align=\"center\">Cuenca<\/td><td class=\"has-text-align-center\" data-align=\"center\">Comunicaci\u00f3n<\/td><\/tr><tr><td class=\"has-text-align-center\" data-align=\"center\">Cuenca<\/td><td class=\"has-text-align-center\" data-align=\"center\">Publicaciones<\/td><\/tr><tr><td class=\"has-text-align-center\" data-align=\"center\">Cuenca<\/td><td class=\"has-text-align-center\" data-align=\"center\">Asistente de coordinaci\u00f3n<\/td><\/tr><tr><td class=\"has-text-align-center\" data-align=\"center\">Eduardo Paucar<\/td><td class=\"has-text-align-center\" data-align=\"center\">GITK<\/td><\/tr><tr><td class=\"has-text-align-center\" data-align=\"center\">Johan M\u00e9ndez<\/td><td class=\"has-text-align-center\" data-align=\"center\">Grupo Ataraxia<\/td><\/tr><tr><td class=\"has-text-align-center\" data-align=\"center\">Kl\u00e9ber Zuna<\/td><td class=\"has-text-align-center\" data-align=\"center\">Innovaci\u00f3n, di\u00e1logo de saberes raz\u00f3n y fe<\/td><\/tr><tr><td class=\"has-text-align-center\" data-align=\"center\"><\/td><td class=\"has-text-align-center\" data-align=\"center\">Carrera de Teolog\u00eda en l\u00ednea UPS<\/td><\/tr><tr><td class=\"has-text-align-center\" data-align=\"center\" colspan=\"2\"><strong>Apoyo \u00e1rea de Comunicaci\u00f3n y Difusi\u00f3n<\/strong><\/td><\/tr><tr><td class=\"has-text-align-center\" data-align=\"center\">Pedro Rodr\u00edguez<\/td><td class=\"has-text-align-center\" data-align=\"center\">Gesti\u00f3n Web<\/td><\/tr><tr><td class=\"has-text-align-center\" data-align=\"center\">Ronald \u00c1lvarez<\/td><td class=\"has-text-align-center\" data-align=\"center\">Comunicaci\u00f3n Sede Guayaquil<\/td><\/tr><tr><td class=\"has-text-align-center\" data-align=\"center\">Mar\u00eda Jos\u00e9 Llanos<\/td><td class=\"has-text-align-center\" data-align=\"center\">Comunicaci\u00f3n Sede Cuenca<\/td><\/tr><\/tbody><\/table><\/figure>","protected":false},"excerpt":{"rendered":"<p>Comit\u00e9 organizador Fernando Pes\u00e1ntez Vicerrector General Mar\u00eda Sol Villag\u00f3mez Vicerrectora sede Quito Fernando Moscoso Vicerrector sede Cuenca Ra\u00fal \u00c1lvarez Vicerrector sede Guayaquil Santiago Quishpe Coordinador del simposio Darwin Reyes Coordinador del simposio Elizabeth Pillco Secretar\u00eda simposio Cuenca Contabilidad Cuenca Sistemas Cuenca Comunicaci\u00f3n Cuenca Publicaciones Cuenca Asistente de coordinaci\u00f3n Eduardo Paucar GITK Johan M\u00e9ndez Grupo Ataraxia&#8230;<\/p>","protected":false},"author":3,"featured_media":0,"parent":11,"menu_order":0,"comment_status":"closed","ping_status":"closed","template":"","meta":{"_kadence_starter_templates_imported_post":false,"_kad_post_transparent":"","_kad_post_title":"","_kad_post_layout":"","_kad_post_sidebar_id":"","_kad_post_content_style":"","_kad_post_vertical_padding":"","_kad_post_feature":"","_kad_post_feature_position":"","_kad_post_header":false,"_kad_post_footer":false,"_kad_post_classname":"","footnotes":""},"class_list":["post-1257","page","type-page","status-publish","hentry"],"yoast_head":"<!-- This site is optimized with the Yoast SEO plugin v27.1.1 - https:\/\/yoast.com\/product\/yoast-seo-wordpress\/ -->\n<title>Comit\u00e9 Organizador - Desaf\u00edos \u00e9ticos, tecnocient\u00edficos y de la espiritualidad ecol\u00f3gica del siglo XXI<\/title>\n<meta name=\"robots\" content=\"index, follow, max-snippet:-1, max-image-preview:large, max-video-preview:-1\" \/>\n<link rel=\"canonical\" href=\"https:\/\/simposioteologia.ups.edu.ec\/en\/comites\/comite-organizador\/\" \/>\n<meta property=\"og:locale\" content=\"en_US\" \/>\n<meta property=\"og:type\" content=\"article\" \/>\n<meta property=\"og:title\" content=\"Comit\u00e9 Organizador - Desaf\u00edos \u00e9ticos, tecnocient\u00edficos y de la espiritualidad ecol\u00f3gica del siglo XXI\" \/>\n<meta property=\"og:description\" content=\"Comit\u00e9 organizador Fernando Pes\u00e1ntez Vicerrector General Mar\u00eda Sol Villag\u00f3mez Vicerrectora sede Quito Fernando Moscoso Vicerrector sede Cuenca Ra\u00fal \u00c1lvarez Vicerrector sede Guayaquil Santiago Quishpe Coordinador del simposio Darwin Reyes Coordinador del simposio Elizabeth Pillco Secretar\u00eda simposio Cuenca Contabilidad Cuenca Sistemas Cuenca Comunicaci\u00f3n Cuenca Publicaciones Cuenca Asistente de coordinaci\u00f3n Eduardo Paucar GITK Johan M\u00e9ndez Grupo Ataraxia...\" \/>\n<meta property=\"og:url\" content=\"https:\/\/simposioteologia.ups.edu.ec\/en\/comites\/comite-organizador\/\" \/>\n<meta property=\"og:site_name\" content=\"Desaf\u00edos \u00e9ticos, tecnocient\u00edficos y de la espiritualidad ecol\u00f3gica del siglo XXI\" \/>\n<meta property=\"article:modified_time\" content=\"2024-06-21T15:14:53+00:00\" \/>\n<meta name=\"twitter:card\" content=\"summary_large_image\" \/>\n<script type=\"application\/ld+json\" class=\"yoast-schema-graph\">{\"@context\":\"https:\/\/schema.org\",\"@graph\":[{\"@type\":\"WebPage\",\"@id\":\"https:\/\/simposioteologia.ups.edu.ec\/comites\/comite-organizador\/\",\"url\":\"https:\/\/simposioteologia.ups.edu.ec\/comites\/comite-organizador\/\",\"name\":\"Comit\u00e9 Organizador - Desaf\u00edos \u00e9ticos, tecnocient\u00edficos y de la espiritualidad ecol\u00f3gica del siglo XXI\",\"isPartOf\":{\"@id\":\"https:\/\/simposioteologia.ups.edu.ec\/#website\"},\"datePublished\":\"2024-06-12T22:00:39+00:00\",\"dateModified\":\"2024-06-21T15:14:53+00:00\",\"breadcrumb\":{\"@id\":\"https:\/\/simposioteologia.ups.edu.ec\/comites\/comite-organizador\/#breadcrumb\"},\"inLanguage\":\"en-US\",\"potentialAction\":[{\"@type\":\"ReadAction\",\"target\":[\"https:\/\/simposioteologia.ups.edu.ec\/comites\/comite-organizador\/\"]}]},{\"@type\":\"BreadcrumbList\",\"@id\":\"https:\/\/simposioteologia.ups.edu.ec\/comites\/comite-organizador\/#breadcrumb\",\"itemListElement\":[{\"@type\":\"ListItem\",\"position\":1,\"name\":\"Portada\",\"item\":\"https:\/\/simposioteologia.ups.edu.ec\/\"},{\"@type\":\"ListItem\",\"position\":2,\"name\":\"Comit\u00e9s\",\"item\":\"https:\/\/simposioteologia.ups.edu.ec\/comites\/\"},{\"@type\":\"ListItem\",\"position\":3,\"name\":\"Comit\u00e9 Organizador\"}]},{\"@type\":\"WebSite\",\"@id\":\"https:\/\/simposioteologia.ups.edu.ec\/#website\",\"url\":\"https:\/\/simposioteologia.ups.edu.ec\/\",\"name\":\"Desaf\u00edos \u00e9ticos, tecnocient\u00edficos y de la espiritualidad ecol\u00f3gica del siglo XXI\",\"description\":\"\",\"publisher\":{\"@id\":\"https:\/\/simposioteologia.ups.edu.ec\/#organization\"},\"potentialAction\":[{\"@type\":\"SearchAction\",\"target\":{\"@type\":\"EntryPoint\",\"urlTemplate\":\"https:\/\/simposioteologia.ups.edu.ec\/?s={search_term_string}\"},\"query-input\":{\"@type\":\"PropertyValueSpecification\",\"valueRequired\":true,\"valueName\":\"search_term_string\"}}],\"inLanguage\":\"en-US\"},{\"@type\":\"Organization\",\"@id\":\"https:\/\/simposioteologia.ups.edu.ec\/#organization\",\"name\":\"Desaf\u00edos \u00e9ticos, tecnocient\u00edficos y de la espiritualidad ecol\u00f3gica del siglo XXI\",\"url\":\"https:\/\/simposioteologia.ups.edu.ec\/\",\"logo\":{\"@type\":\"ImageObject\",\"inLanguage\":\"en-US\",\"@id\":\"https:\/\/simposioteologia.ups.edu.ec\/#\/schema\/logo\/image\/\",\"url\":\"https:\/\/simposioteologia.ups.edu.ec\/wp-content\/uploads\/sites\/14\/2024\/06\/cropped-LOGO-UPS-30-ANOS-COLOR.png\",\"contentUrl\":\"https:\/\/simposioteologia.ups.edu.ec\/wp-content\/uploads\/sites\/14\/2024\/06\/cropped-LOGO-UPS-30-ANOS-COLOR.png\",\"width\":2174,\"height\":430,\"caption\":\"Desaf\u00edos \u00e9ticos, tecnocient\u00edficos y de la espiritualidad ecol\u00f3gica del siglo XXI\"},\"image\":{\"@id\":\"https:\/\/simposioteologia.ups.edu.ec\/#\/schema\/logo\/image\/\"}}]}<\/script>\n<!-- \/ Yoast SEO plugin. -->","yoast_head_json":{"title":"Comit\u00e9 Organizador - Desaf\u00edos \u00e9ticos, tecnocient\u00edficos y de la espiritualidad ecol\u00f3gica del siglo XXI","robots":{"index":"index","follow":"follow","max-snippet":"max-snippet:-1","max-image-preview":"max-image-preview:large","max-video-preview":"max-video-preview:-1"},"canonical":"https:\/\/simposioteologia.ups.edu.ec\/en\/comites\/comite-organizador\/","og_locale":"en_US","og_type":"article","og_title":"Comit\u00e9 Organizador - Desaf\u00edos \u00e9ticos, tecnocient\u00edficos y de la espiritualidad ecol\u00f3gica del siglo XXI","og_description":"Comit\u00e9 organizador Fernando Pes\u00e1ntez Vicerrector General Mar\u00eda Sol Villag\u00f3mez Vicerrectora sede Quito Fernando Moscoso Vicerrector sede Cuenca Ra\u00fal \u00c1lvarez Vicerrector sede Guayaquil Santiago Quishpe Coordinador del simposio Darwin Reyes Coordinador del simposio Elizabeth Pillco Secretar\u00eda simposio Cuenca Contabilidad Cuenca Sistemas Cuenca Comunicaci\u00f3n Cuenca Publicaciones Cuenca Asistente de coordinaci\u00f3n Eduardo Paucar GITK Johan M\u00e9ndez Grupo Ataraxia...","og_url":"https:\/\/simposioteologia.ups.edu.ec\/en\/comites\/comite-organizador\/","og_site_name":"Desaf\u00edos \u00e9ticos, tecnocient\u00edficos y de la espiritualidad ecol\u00f3gica del siglo XXI","article_modified_time":"2024-06-21T15:14:53+00:00","twitter_card":"summary_large_image","schema":{"@context":"https:\/\/schema.org","@graph":[{"@type":"WebPage","@id":"https:\/\/simposioteologia.ups.edu.ec\/comites\/comite-organizador\/","url":"https:\/\/simposioteologia.ups.edu.ec\/comites\/comite-organizador\/","name":"Comit\u00e9 Organizador - Desaf\u00edos \u00e9ticos, tecnocient\u00edficos y de la espiritualidad ecol\u00f3gica del siglo XXI","isPartOf":{"@id":"https:\/\/simposioteologia.ups.edu.ec\/#website"},"datePublished":"2024-06-12T22:00:39+00:00","dateModified":"2024-06-21T15:14:53+00:00","breadcrumb":{"@id":"https:\/\/simposioteologia.ups.edu.ec\/comites\/comite-organizador\/#breadcrumb"},"inLanguage":"en-US","potentialAction":[{"@type":"ReadAction","target":["https:\/\/simposioteologia.ups.edu.ec\/comites\/comite-organizador\/"]}]},{"@type":"BreadcrumbList","@id":"https:\/\/simposioteologia.ups.edu.ec\/comites\/comite-organizador\/#breadcrumb","itemListElement":[{"@type":"ListItem","position":1,"name":"Portada","item":"https:\/\/simposioteologia.ups.edu.ec\/"},{"@type":"ListItem","position":2,"name":"Comit\u00e9s","item":"https:\/\/simposioteologia.ups.edu.ec\/comites\/"},{"@type":"ListItem","position":3,"name":"Comit\u00e9 Organizador"}]},{"@type":"WebSite","@id":"https:\/\/simposioteologia.ups.edu.ec\/#website","url":"https:\/\/simposioteologia.ups.edu.ec\/","name":"Desaf\u00edos \u00e9ticos, tecnocient\u00edficos y de la espiritualidad ecol\u00f3gica del siglo XXI","description":"","publisher":{"@id":"https:\/\/simposioteologia.ups.edu.ec\/#organization"},"potentialAction":[{"@type":"SearchAction","target":{"@type":"EntryPoint","urlTemplate":"https:\/\/simposioteologia.ups.edu.ec\/?s={search_term_string}"},"query-input":{"@type":"PropertyValueSpecification","valueRequired":true,"valueName":"search_term_string"}}],"inLanguage":"en-US"},{"@type":"Organization","@id":"https:\/\/simposioteologia.ups.edu.ec\/#organization","name":"Desaf\u00edos \u00e9ticos, tecnocient\u00edficos y de la espiritualidad ecol\u00f3gica del siglo XXI","url":"https:\/\/simposioteologia.ups.edu.ec\/","logo":{"@type":"ImageObject","inLanguage":"en-US","@id":"https:\/\/simposioteologia.ups.edu.ec\/#\/schema\/logo\/image\/","url":"https:\/\/simposioteologia.ups.edu.ec\/wp-content\/uploads\/sites\/14\/2024\/06\/cropped-LOGO-UPS-30-ANOS-COLOR.png","contentUrl":"https:\/\/simposioteologia.ups.edu.ec\/wp-content\/uploads\/sites\/14\/2024\/06\/cropped-LOGO-UPS-30-ANOS-COLOR.png","width":2174,"height":430,"caption":"Desaf\u00edos \u00e9ticos, tecnocient\u00edficos y de la espiritualidad ecol\u00f3gica del siglo XXI"},"image":{"@id":"https:\/\/simposioteologia.ups.edu.ec\/#\/schema\/logo\/image\/"}}]}},"_links":{"self":[{"href":"https:\/\/simposioteologia.ups.edu.ec\/en\/wp-json\/wp\/v2\/pages\/1257","targetHints":{"allow":["GET"]}}],"collection":[{"href":"https:\/\/simposioteologia.ups.edu.ec\/en\/wp-json\/wp\/v2\/pages"}],"about":[{"href":"https:\/\/simposioteologia.ups.edu.ec\/en\/wp-json\/wp\/v2\/types\/page"}],"author":[{"embeddable":true,"href":"https:\/\/simposioteologia.ups.edu.ec\/en\/wp-json\/wp\/v2\/users\/3"}],"replies":[{"embeddable":true,"href":"https:\/\/simposioteologia.ups.edu.ec\/en\/wp-json\/wp\/v2\/comments?post=1257"}],"version-history":[{"count":5,"href":"https:\/\/simposioteologia.ups.edu.ec\/en\/wp-json\/wp\/v2\/pages\/1257\/revisions"}],"predecessor-version":[{"id":1523,"href":"https:\/\/simposioteologia.ups.edu.ec\/en\/wp-json\/wp\/v2\/pages\/1257\/revisions\/1523"}],"up":[{"embeddable":true,"href":"https:\/\/simposioteologia.ups.edu.ec\/en\/wp-json\/wp\/v2\/pages\/11"}],"wp:attachment":[{"href":"https:\/\/simposioteologia.ups.edu.ec\/en\/wp-json\/wp\/v2\/media?parent=1257"}],"curies":[{"name":"wp","href":"https:\/\/api.w.org\/{rel}","templated":true}]}}