{"id":1263,"date":"2024-06-12T17:05:41","date_gmt":"2024-06-12T22:05:41","guid":{"rendered":"https:\/\/simposioteologia.ups.edu.ec\/?page_id=1263"},"modified":"2024-06-12T17:28:31","modified_gmt":"2024-06-12T22:28:31","slug":"ejes-tematicos","status":"publish","type":"page","link":"https:\/\/simposioteologia.ups.edu.ec\/en\/convocatoria\/ejes-tematicos\/","title":{"rendered":"Tracks"},"content":{"rendered":"<div data-elementor-type=\"wp-page\" data-elementor-id=\"1263\" class=\"elementor elementor-1263\">\n\t\t\t\t<div class=\"elementor-element elementor-element-0b10aa3 e-flex e-con-boxed e-con e-parent\" data-id=\"0b10aa3\" data-element_type=\"container\" data-e-type=\"container\">\n\t\t\t\t\t<div class=\"e-con-inner\">\n\t\t<div class=\"elementor-element elementor-element-2418948 e-con-full e-flex e-con e-child\" data-id=\"2418948\" data-element_type=\"container\" data-e-type=\"container\">\n\t\t\t\t<div class=\"elementor-element elementor-element-889e63f elementor-widget elementor-widget-image\" data-id=\"889e63f\" data-element_type=\"widget\" data-e-type=\"widget\" data-widget_type=\"image.default\">\n\t\t\t\t<div class=\"elementor-widget-container\">\n\t\t\t\t\t\t\t\t\t\t\t\t\t\t\t<img fetchpriority=\"high\" decoding=\"async\" width=\"1000\" height=\"667\" src=\"https:\/\/simposioteologia.ups.edu.ec\/wp-content\/uploads\/sites\/14\/2020\/10\/bruce-mars-FWVMhUa_wbY-unsplash.jpg\" class=\"attachment-large size-large wp-image-368\" alt=\"\" srcset=\"https:\/\/simposioteologia.ups.edu.ec\/wp-content\/uploads\/sites\/14\/2020\/10\/bruce-mars-FWVMhUa_wbY-unsplash.jpg 1000w, https:\/\/simposioteologia.ups.edu.ec\/wp-content\/uploads\/sites\/14\/2020\/10\/bruce-mars-FWVMhUa_wbY-unsplash-300x200.jpg 300w, https:\/\/simposioteologia.ups.edu.ec\/wp-content\/uploads\/sites\/14\/2020\/10\/bruce-mars-FWVMhUa_wbY-unsplash-768x512.jpg 768w\" sizes=\"(max-width: 1000px) 100vw, 1000px\" \/>\t\t\t\t\t\t\t\t\t\t\t\t\t\t\t<\/div>\n\t\t\t\t<\/div>\n\t\t\t\t<\/div>\n\t\t<div class=\"elementor-element elementor-element-550756f e-con-full e-flex e-con e-child\" data-id=\"550756f\" data-element_type=\"container\" data-e-type=\"container\">\n\t\t\t\t<div class=\"elementor-element elementor-element-00bb097 elementor-widget elementor-widget-heading\" data-id=\"00bb097\" data-element_type=\"widget\" data-e-type=\"widget\" data-widget_type=\"heading.default\">\n\t\t\t\t<div class=\"elementor-widget-container\">\n\t\t\t\t\t<h2 class=\"elementor-heading-title elementor-size-default\">Teolog\u00eda \u2013 \u00c9tica<\/h2>\t\t\t\t<\/div>\n\t\t\t\t<\/div>\n\t\t\t\t<div class=\"elementor-element elementor-element-de1ef6e elementor-widget elementor-widget-text-editor\" data-id=\"de1ef6e\" data-element_type=\"widget\" data-e-type=\"widget\" data-widget_type=\"text-editor.default\">\n\t\t\t\t<div class=\"elementor-widget-container\">\n\t\t\t\t\t\t\t\t\t<p>El acto humano ha sido objeto de estudio en diversas ramas del conocimiento. La \u00e9tica se caracteriza por su variedad te\u00f3rica aplicada a los m\u00faltiples problemas del contexto (manipulaci\u00f3n de la vida, matrimonio, pol\u00edtica, econom\u00eda, moral sexual, moral del matrimonio, guerra, paz\u2026), analiza la correlaci\u00f3n entre las normas sociales y las necesidades individuales; desde su punto de vista examina cada manifestaci\u00f3n para otorgar una posible soluci\u00f3n al dilema planteado. Por su parte la teolog\u00eda, complementa esta reflexi\u00f3n o discusi\u00f3n contempor\u00e1nea desde las normas morales propias del cristianismo dentro de un proceso hist\u00f3rico que se enmarca en el plan de Salvaci\u00f3n y, que pretende fortalecer la fe y la vida desde una sociedad digna, humana y cristiana.<\/p>\t\t\t\t\t\t\t\t<\/div>\n\t\t\t\t<\/div>\n\t\t\t\t<\/div>\n\t\t\t\t\t<\/div>\n\t\t\t\t<\/div>\n\t\t<div class=\"elementor-element elementor-element-b044033 e-flex e-con-boxed e-con e-parent\" data-id=\"b044033\" data-element_type=\"container\" data-e-type=\"container\">\n\t\t\t\t\t<div class=\"e-con-inner\">\n\t\t<div class=\"elementor-element elementor-element-0df4ae8 e-con-full e-flex e-con e-child\" data-id=\"0df4ae8\" data-element_type=\"container\" data-e-type=\"container\">\n\t\t\t\t<div class=\"elementor-element elementor-element-da6caab elementor-widget elementor-widget-spacer\" data-id=\"da6caab\" data-element_type=\"widget\" data-e-type=\"widget\" data-widget_type=\"spacer.default\">\n\t\t\t\t<div class=\"elementor-widget-container\">\n\t\t\t\t\t\t\t<div class=\"elementor-spacer\">\n\t\t\t<div class=\"elementor-spacer-inner\"><\/div>\n\t\t<\/div>\n\t\t\t\t\t\t<\/div>\n\t\t\t\t<\/div>\n\t\t\t\t<div class=\"elementor-element elementor-element-bf45553 elementor-widget elementor-widget-heading\" data-id=\"bf45553\" data-element_type=\"widget\" data-e-type=\"widget\" data-widget_type=\"heading.default\">\n\t\t\t\t<div class=\"elementor-widget-container\">\n\t\t\t\t\t<h2 class=\"elementor-heading-title elementor-size-default\">Teolog\u00eda \u2013 Ecolog\u00eda<\/h2>\t\t\t\t<\/div>\n\t\t\t\t<\/div>\n\t\t\t\t<div class=\"elementor-element elementor-element-ea86af1 elementor-widget elementor-widget-text-editor\" data-id=\"ea86af1\" data-element_type=\"widget\" data-e-type=\"widget\" data-widget_type=\"text-editor.default\">\n\t\t\t\t<div class=\"elementor-widget-container\">\n\t\t\t\t\t\t\t\t\t<p>La Ecolog\u00eda nos recuerda la necesidad de articular una reflexi\u00f3n coherente; es decir, un logos sobre la casa c\u00f3smica en la que se desarrolla la peripecia de la vida en general y de la vida humana en especial. El estudio de las relaciones del ser humano con la comunidad bi\u00f3tica y su \u201csoporte\u201d c\u00f3smico habr\u00eda de suscitar necesariamente un sentimiento nuevo y una reflexi\u00f3n sobre las responsabilidades \u00e9ticas que al ser humano le corresponde con relaci\u00f3n al planeta y a sus habitantes.\u00a0<\/p><p>Apostamos por una Ecopat\u00eda o nueva sensibilidad ante la casa c\u00f3smica de la vida y por una Eco\u00e9tica que incluya, tanto la reflexi\u00f3n como las directrices pr\u00e1cticas sobre los deberes morales, en la relaci\u00f3n del ser humano con su ambiente. Si se coloca entre par\u00e9ntesis la relaci\u00f3n con Dios, la naturaleza pierde su significado profundo, se la empobrece. En cambio, si se contempla la naturaleza en su dimensi\u00f3n de criatura, se puede establecer con ella una relaci\u00f3n comunicativa, captar su significado evocativo y simb\u00f3lico y penetrar as\u00ed en el horizonte del misterio, que abre al hombre el paso hacia Dios Creador de los cielos y de la tierra.<\/p>\t\t\t\t\t\t\t\t<\/div>\n\t\t\t\t<\/div>\n\t\t\t\t<div class=\"elementor-element elementor-element-4952bfe elementor-widget elementor-widget-spacer\" data-id=\"4952bfe\" data-element_type=\"widget\" data-e-type=\"widget\" data-widget_type=\"spacer.default\">\n\t\t\t\t<div class=\"elementor-widget-container\">\n\t\t\t\t\t\t\t<div class=\"elementor-spacer\">\n\t\t\t<div class=\"elementor-spacer-inner\"><\/div>\n\t\t<\/div>\n\t\t\t\t\t\t<\/div>\n\t\t\t\t<\/div>\n\t\t\t\t<\/div>\n\t\t<div class=\"elementor-element elementor-element-179dcb5 e-con-full e-flex e-con e-child\" data-id=\"179dcb5\" data-element_type=\"container\" data-e-type=\"container\">\n\t\t\t\t<div class=\"elementor-element elementor-element-b76dce3 elementor-widget elementor-widget-image\" data-id=\"b76dce3\" data-element_type=\"widget\" data-e-type=\"widget\" data-widget_type=\"image.default\">\n\t\t\t\t<div class=\"elementor-widget-container\">\n\t\t\t\t\t\t\t\t\t\t\t\t\t\t\t<img decoding=\"async\" width=\"721\" height=\"1024\" src=\"https:\/\/simposioteologia.ups.edu.ec\/wp-content\/uploads\/sites\/14\/2020\/11\/austin-distel-fEedoypsW_U-unsplash-721x1024.jpg\" class=\"attachment-large size-large wp-image-727\" alt=\"\" srcset=\"https:\/\/simposioteologia.ups.edu.ec\/wp-content\/uploads\/sites\/14\/2020\/11\/austin-distel-fEedoypsW_U-unsplash-721x1024.jpg 721w, https:\/\/simposioteologia.ups.edu.ec\/wp-content\/uploads\/sites\/14\/2020\/11\/austin-distel-fEedoypsW_U-unsplash-211x300.jpg 211w, https:\/\/simposioteologia.ups.edu.ec\/wp-content\/uploads\/sites\/14\/2020\/11\/austin-distel-fEedoypsW_U-unsplash-768x1091.jpg 768w, https:\/\/simposioteologia.ups.edu.ec\/wp-content\/uploads\/sites\/14\/2020\/11\/austin-distel-fEedoypsW_U-unsplash-1081x1536.jpg 1081w, https:\/\/simposioteologia.ups.edu.ec\/wp-content\/uploads\/sites\/14\/2020\/11\/austin-distel-fEedoypsW_U-unsplash.jpg 1200w\" sizes=\"(max-width: 721px) 100vw, 721px\" \/>\t\t\t\t\t\t\t\t\t\t\t\t\t\t\t<\/div>\n\t\t\t\t<\/div>\n\t\t\t\t<\/div>\n\t\t<div class=\"elementor-element elementor-element-7ce356c e-con-full e-flex e-con e-child\" data-id=\"7ce356c\" data-element_type=\"container\" data-e-type=\"container\">\n\t\t\t\t<div class=\"elementor-element elementor-element-71e79e1 elementor-widget elementor-widget-image\" data-id=\"71e79e1\" data-element_type=\"widget\" data-e-type=\"widget\" data-widget_type=\"image.default\">\n\t\t\t\t<div class=\"elementor-widget-container\">\n\t\t\t\t\t\t\t\t\t\t\t\t\t\t\t<img decoding=\"async\" width=\"721\" height=\"1024\" src=\"https:\/\/simposioteologia.ups.edu.ec\/wp-content\/uploads\/sites\/14\/2020\/11\/austin-distel-fEedoypsW_U-unsplash-721x1024.jpg\" class=\"attachment-large size-large wp-image-727\" alt=\"\" srcset=\"https:\/\/simposioteologia.ups.edu.ec\/wp-content\/uploads\/sites\/14\/2020\/11\/austin-distel-fEedoypsW_U-unsplash-721x1024.jpg 721w, https:\/\/simposioteologia.ups.edu.ec\/wp-content\/uploads\/sites\/14\/2020\/11\/austin-distel-fEedoypsW_U-unsplash-211x300.jpg 211w, https:\/\/simposioteologia.ups.edu.ec\/wp-content\/uploads\/sites\/14\/2020\/11\/austin-distel-fEedoypsW_U-unsplash-768x1091.jpg 768w, https:\/\/simposioteologia.ups.edu.ec\/wp-content\/uploads\/sites\/14\/2020\/11\/austin-distel-fEedoypsW_U-unsplash-1081x1536.jpg 1081w, https:\/\/simposioteologia.ups.edu.ec\/wp-content\/uploads\/sites\/14\/2020\/11\/austin-distel-fEedoypsW_U-unsplash.jpg 1200w\" sizes=\"(max-width: 721px) 100vw, 721px\" \/>\t\t\t\t\t\t\t\t\t\t\t\t\t\t\t<\/div>\n\t\t\t\t<\/div>\n\t\t\t\t<\/div>\n\t\t<div class=\"elementor-element elementor-element-312e4ab e-con-full e-flex e-con e-child\" data-id=\"312e4ab\" data-element_type=\"container\" data-e-type=\"container\">\n\t\t\t\t<div class=\"elementor-element elementor-element-836c981 elementor-widget elementor-widget-heading\" data-id=\"836c981\" data-element_type=\"widget\" data-e-type=\"widget\" data-widget_type=\"heading.default\">\n\t\t\t\t<div class=\"elementor-widget-container\">\n\t\t\t\t\t<h2 class=\"elementor-heading-title elementor-size-default\">Teolog\u00eda \u2013 Tecnociencia<\/h2>\t\t\t\t<\/div>\n\t\t\t\t<\/div>\n\t\t\t\t<div class=\"elementor-element elementor-element-5cb057e elementor-widget elementor-widget-text-editor\" data-id=\"5cb057e\" data-element_type=\"widget\" data-e-type=\"widget\" data-widget_type=\"text-editor.default\">\n\t\t\t\t<div class=\"elementor-widget-container\">\n\t\t\t\t\t\t\t\t\t<p>El desarrollo de la tecnolog\u00eda y sus implicadas relaciones con la ciencia ha generado a fines del siglo XX y en estas dos d\u00e9cadas del siglo XXI, ciertas sospechas sobre la desmedida confianza que se deposit\u00f3 en ellas, como camino para el bienestar de la humanidad en \u00e9pocas pasadas. Es importante la comprensi\u00f3n real del significado del avance de la tecnolog\u00eda y de la ciencia como camino hacia el desarrollo de sociedades m\u00e1s humanizadas y abiertas a una vivencia de la fe. La Teolog\u00eda pretende analizar, discutir e iluminar los desaf\u00edos de la tecnociencia dentro del Plan creador de Dios, resalta la capacidad del hombre para continuar con la acci\u00f3n creadora de Dios (Investigaci\u00f3n); de esta forma, permite acercarse de una manera positiva al proceso tecnol\u00f3gico actual, descubriendo todas las potencialidades para aportar cr\u00edticamente a los aspectos que merecen ser cuestionados o corregidos.<\/p>\t\t\t\t\t\t\t\t<\/div>\n\t\t\t\t<\/div>\n\t\t\t\t<\/div>\n\t\t\t\t\t<\/div>\n\t\t\t\t<\/div>\n\t\t\t\t<\/div>","protected":false},"excerpt":{"rendered":"<p>\/*! elementor &#8211; v3.16.0 &#8211; 20-09-2023 *\/ .elementor-widget-image{text-align:center}.elementor-widget-image a{display:inline-block}.elementor-widget-image a img[src$=\u00bb.svg\u00bb]{width:48px}.elementor-widget-image img{vertical-align:middle;display:inline-block} \/*! elementor &#8211; v3.16.0 &#8211; 20-09-2023 *\/ .elementor-heading-title{padding:0;margin:0;line-height:1}.elementor-widget-heading .elementor-heading-title[class*=elementor-size-]&gt;a{color:inherit;font-size:inherit;line-height:inherit}.elementor-widget-heading .elementor-heading-title.elementor-size-small{font-size:15px}.elementor-widget-heading .elementor-heading-title.elementor-size-medium{font-size:19px}.elementor-widget-heading .elementor-heading-title.elementor-size-large{font-size:29px}.elementor-widget-heading .elementor-heading-title.elementor-size-xl{font-size:39px}.elementor-widget-heading .elementor-heading-title.elementor-size-xxl{font-size:59px} Teolog\u00eda \u2013 \u00c9tica El acto humano ha sido objeto de estudio en diversas ramas del conocimiento. La \u00e9tica se caracteriza por su variedad te\u00f3rica aplicada a los m\u00faltiples problemas&#8230;<\/p>\n","protected":false},"author":3,"featured_media":0,"parent":35,"menu_order":0,"comment_status":"closed","ping_status":"closed","template":"","meta":{"_kadence_starter_templates_imported_post":false,"_kad_post_transparent":"","_kad_post_title":"hide","_kad_post_layout":"fullwidth","_kad_post_sidebar_id":"","_kad_post_content_style":"unboxed","_kad_post_vertical_padding":"hide","_kad_post_feature":"hide","_kad_post_feature_position":"","_kad_post_header":false,"_kad_post_footer":false,"_kad_post_classname":"","footnotes":""},"class_list":["post-1263","page","type-page","status-publish","hentry"],"yoast_head":"<!-- This site is optimized with the Yoast SEO plugin v27.1.1 - https:\/\/yoast.com\/product\/yoast-seo-wordpress\/ -->\n<title>Ejes Tem\u00e1ticos - Desaf\u00edos \u00e9ticos, tecnocient\u00edficos y de la espiritualidad ecol\u00f3gica del siglo XXI<\/title>\n<meta name=\"robots\" content=\"index, follow, max-snippet:-1, max-image-preview:large, max-video-preview:-1\" \/>\n<link rel=\"canonical\" href=\"https:\/\/simposioteologia.ups.edu.ec\/en\/convocatoria\/ejes-tematicos\/\" \/>\n<meta property=\"og:locale\" content=\"en_US\" \/>\n<meta property=\"og:type\" content=\"article\" \/>\n<meta property=\"og:title\" content=\"Ejes Tem\u00e1ticos - Desaf\u00edos \u00e9ticos, tecnocient\u00edficos y de la espiritualidad ecol\u00f3gica del siglo XXI\" \/>\n<meta property=\"og:description\" content=\"\/*! elementor &#8211; v3.16.0 &#8211; 20-09-2023 *\/ .elementor-widget-image{text-align:center}.elementor-widget-image a{display:inline-block}.elementor-widget-image a img[src$=\u00bb.svg\u00bb]{width:48px}.elementor-widget-image img{vertical-align:middle;display:inline-block} \/*! elementor &#8211; v3.16.0 &#8211; 20-09-2023 *\/ .elementor-heading-title{padding:0;margin:0;line-height:1}.elementor-widget-heading .elementor-heading-title[class*=elementor-size-]&gt;a{color:inherit;font-size:inherit;line-height:inherit}.elementor-widget-heading .elementor-heading-title.elementor-size-small{font-size:15px}.elementor-widget-heading .elementor-heading-title.elementor-size-medium{font-size:19px}.elementor-widget-heading .elementor-heading-title.elementor-size-large{font-size:29px}.elementor-widget-heading .elementor-heading-title.elementor-size-xl{font-size:39px}.elementor-widget-heading .elementor-heading-title.elementor-size-xxl{font-size:59px} Teolog\u00eda \u2013 \u00c9tica El acto humano ha sido objeto de estudio en diversas ramas del conocimiento. La \u00e9tica se caracteriza por su variedad te\u00f3rica aplicada a los m\u00faltiples problemas...\" \/>\n<meta property=\"og:url\" content=\"https:\/\/simposioteologia.ups.edu.ec\/en\/convocatoria\/ejes-tematicos\/\" \/>\n<meta property=\"og:site_name\" content=\"Desaf\u00edos \u00e9ticos, tecnocient\u00edficos y de la espiritualidad ecol\u00f3gica del siglo XXI\" \/>\n<meta property=\"article:modified_time\" content=\"2024-06-12T22:28:31+00:00\" \/>\n<meta property=\"og:image\" content=\"http:\/\/simposioteologia.ups.edu.ec\/wp-content\/uploads\/sites\/14\/2020\/10\/bruce-mars-FWVMhUa_wbY-unsplash.jpg\" \/>\n<meta name=\"twitter:card\" content=\"summary_large_image\" \/>\n<meta name=\"twitter:label1\" content=\"Est. reading time\" \/>\n\t<meta name=\"twitter:data1\" content=\"3 minutes\" \/>\n<script type=\"application\/ld+json\" class=\"yoast-schema-graph\">{\"@context\":\"https:\/\/schema.org\",\"@graph\":[{\"@type\":\"WebPage\",\"@id\":\"https:\/\/simposioteologia.ups.edu.ec\/convocatoria\/ejes-tematicos\/\",\"url\":\"https:\/\/simposioteologia.ups.edu.ec\/convocatoria\/ejes-tematicos\/\",\"name\":\"Ejes Tem\u00e1ticos - Desaf\u00edos \u00e9ticos, tecnocient\u00edficos y de la espiritualidad ecol\u00f3gica del siglo XXI\",\"isPartOf\":{\"@id\":\"https:\/\/simposioteologia.ups.edu.ec\/#website\"},\"primaryImageOfPage\":{\"@id\":\"https:\/\/simposioteologia.ups.edu.ec\/convocatoria\/ejes-tematicos\/#primaryimage\"},\"image\":{\"@id\":\"https:\/\/simposioteologia.ups.edu.ec\/convocatoria\/ejes-tematicos\/#primaryimage\"},\"thumbnailUrl\":\"http:\/\/simposioteologia.ups.edu.ec\/wp-content\/uploads\/sites\/14\/2020\/10\/bruce-mars-FWVMhUa_wbY-unsplash.jpg\",\"datePublished\":\"2024-06-12T22:05:41+00:00\",\"dateModified\":\"2024-06-12T22:28:31+00:00\",\"breadcrumb\":{\"@id\":\"https:\/\/simposioteologia.ups.edu.ec\/convocatoria\/ejes-tematicos\/#breadcrumb\"},\"inLanguage\":\"en-US\",\"potentialAction\":[{\"@type\":\"ReadAction\",\"target\":[\"https:\/\/simposioteologia.ups.edu.ec\/convocatoria\/ejes-tematicos\/\"]}]},{\"@type\":\"ImageObject\",\"inLanguage\":\"en-US\",\"@id\":\"https:\/\/simposioteologia.ups.edu.ec\/convocatoria\/ejes-tematicos\/#primaryimage\",\"url\":\"http:\/\/simposioteologia.ups.edu.ec\/wp-content\/uploads\/sites\/14\/2020\/10\/bruce-mars-FWVMhUa_wbY-unsplash.jpg\",\"contentUrl\":\"http:\/\/simposioteologia.ups.edu.ec\/wp-content\/uploads\/sites\/14\/2020\/10\/bruce-mars-FWVMhUa_wbY-unsplash.jpg\"},{\"@type\":\"BreadcrumbList\",\"@id\":\"https:\/\/simposioteologia.ups.edu.ec\/convocatoria\/ejes-tematicos\/#breadcrumb\",\"itemListElement\":[{\"@type\":\"ListItem\",\"position\":1,\"name\":\"Portada\",\"item\":\"https:\/\/simposioteologia.ups.edu.ec\/\"},{\"@type\":\"ListItem\",\"position\":2,\"name\":\"Convocatoria\",\"item\":\"https:\/\/simposioteologia.ups.edu.ec\/convocatoria\/\"},{\"@type\":\"ListItem\",\"position\":3,\"name\":\"Ejes Tem\u00e1ticos\"}]},{\"@type\":\"WebSite\",\"@id\":\"https:\/\/simposioteologia.ups.edu.ec\/#website\",\"url\":\"https:\/\/simposioteologia.ups.edu.ec\/\",\"name\":\"Desaf\u00edos \u00e9ticos, tecnocient\u00edficos y de la espiritualidad ecol\u00f3gica del siglo XXI\",\"description\":\"\",\"publisher\":{\"@id\":\"https:\/\/simposioteologia.ups.edu.ec\/#organization\"},\"potentialAction\":[{\"@type\":\"SearchAction\",\"target\":{\"@type\":\"EntryPoint\",\"urlTemplate\":\"https:\/\/simposioteologia.ups.edu.ec\/?s={search_term_string}\"},\"query-input\":{\"@type\":\"PropertyValueSpecification\",\"valueRequired\":true,\"valueName\":\"search_term_string\"}}],\"inLanguage\":\"en-US\"},{\"@type\":\"Organization\",\"@id\":\"https:\/\/simposioteologia.ups.edu.ec\/#organization\",\"name\":\"Desaf\u00edos \u00e9ticos, tecnocient\u00edficos y de la espiritualidad ecol\u00f3gica del siglo XXI\",\"url\":\"https:\/\/simposioteologia.ups.edu.ec\/\",\"logo\":{\"@type\":\"ImageObject\",\"inLanguage\":\"en-US\",\"@id\":\"https:\/\/simposioteologia.ups.edu.ec\/#\/schema\/logo\/image\/\",\"url\":\"https:\/\/simposioteologia.ups.edu.ec\/wp-content\/uploads\/sites\/14\/2024\/06\/cropped-LOGO-UPS-30-ANOS-COLOR.png\",\"contentUrl\":\"https:\/\/simposioteologia.ups.edu.ec\/wp-content\/uploads\/sites\/14\/2024\/06\/cropped-LOGO-UPS-30-ANOS-COLOR.png\",\"width\":2174,\"height\":430,\"caption\":\"Desaf\u00edos \u00e9ticos, tecnocient\u00edficos y de la espiritualidad ecol\u00f3gica del siglo XXI\"},\"image\":{\"@id\":\"https:\/\/simposioteologia.ups.edu.ec\/#\/schema\/logo\/image\/\"}}]}<\/script>\n<!-- \/ Yoast SEO plugin. -->","yoast_head_json":{"title":"Ejes Tem\u00e1ticos - Desaf\u00edos \u00e9ticos, tecnocient\u00edficos y de la espiritualidad ecol\u00f3gica del siglo XXI","robots":{"index":"index","follow":"follow","max-snippet":"max-snippet:-1","max-image-preview":"max-image-preview:large","max-video-preview":"max-video-preview:-1"},"canonical":"https:\/\/simposioteologia.ups.edu.ec\/en\/convocatoria\/ejes-tematicos\/","og_locale":"en_US","og_type":"article","og_title":"Ejes Tem\u00e1ticos - Desaf\u00edos \u00e9ticos, tecnocient\u00edficos y de la espiritualidad ecol\u00f3gica del siglo XXI","og_description":"\/*! elementor &#8211; v3.16.0 &#8211; 20-09-2023 *\/ .elementor-widget-image{text-align:center}.elementor-widget-image a{display:inline-block}.elementor-widget-image a img[src$=\u00bb.svg\u00bb]{width:48px}.elementor-widget-image img{vertical-align:middle;display:inline-block} \/*! elementor &#8211; v3.16.0 &#8211; 20-09-2023 *\/ .elementor-heading-title{padding:0;margin:0;line-height:1}.elementor-widget-heading .elementor-heading-title[class*=elementor-size-]&gt;a{color:inherit;font-size:inherit;line-height:inherit}.elementor-widget-heading .elementor-heading-title.elementor-size-small{font-size:15px}.elementor-widget-heading .elementor-heading-title.elementor-size-medium{font-size:19px}.elementor-widget-heading .elementor-heading-title.elementor-size-large{font-size:29px}.elementor-widget-heading .elementor-heading-title.elementor-size-xl{font-size:39px}.elementor-widget-heading .elementor-heading-title.elementor-size-xxl{font-size:59px} Teolog\u00eda \u2013 \u00c9tica El acto humano ha sido objeto de estudio en diversas ramas del conocimiento. La \u00e9tica se caracteriza por su variedad te\u00f3rica aplicada a los m\u00faltiples problemas...","og_url":"https:\/\/simposioteologia.ups.edu.ec\/en\/convocatoria\/ejes-tematicos\/","og_site_name":"Desaf\u00edos \u00e9ticos, tecnocient\u00edficos y de la espiritualidad ecol\u00f3gica del siglo XXI","article_modified_time":"2024-06-12T22:28:31+00:00","og_image":[{"url":"http:\/\/simposioteologia.ups.edu.ec\/wp-content\/uploads\/sites\/14\/2020\/10\/bruce-mars-FWVMhUa_wbY-unsplash.jpg","type":"","width":"","height":""}],"twitter_card":"summary_large_image","twitter_misc":{"Est. reading time":"3 minutes"},"schema":{"@context":"https:\/\/schema.org","@graph":[{"@type":"WebPage","@id":"https:\/\/simposioteologia.ups.edu.ec\/convocatoria\/ejes-tematicos\/","url":"https:\/\/simposioteologia.ups.edu.ec\/convocatoria\/ejes-tematicos\/","name":"Ejes Tem\u00e1ticos - Desaf\u00edos \u00e9ticos, tecnocient\u00edficos y de la espiritualidad ecol\u00f3gica del siglo XXI","isPartOf":{"@id":"https:\/\/simposioteologia.ups.edu.ec\/#website"},"primaryImageOfPage":{"@id":"https:\/\/simposioteologia.ups.edu.ec\/convocatoria\/ejes-tematicos\/#primaryimage"},"image":{"@id":"https:\/\/simposioteologia.ups.edu.ec\/convocatoria\/ejes-tematicos\/#primaryimage"},"thumbnailUrl":"http:\/\/simposioteologia.ups.edu.ec\/wp-content\/uploads\/sites\/14\/2020\/10\/bruce-mars-FWVMhUa_wbY-unsplash.jpg","datePublished":"2024-06-12T22:05:41+00:00","dateModified":"2024-06-12T22:28:31+00:00","breadcrumb":{"@id":"https:\/\/simposioteologia.ups.edu.ec\/convocatoria\/ejes-tematicos\/#breadcrumb"},"inLanguage":"en-US","potentialAction":[{"@type":"ReadAction","target":["https:\/\/simposioteologia.ups.edu.ec\/convocatoria\/ejes-tematicos\/"]}]},{"@type":"ImageObject","inLanguage":"en-US","@id":"https:\/\/simposioteologia.ups.edu.ec\/convocatoria\/ejes-tematicos\/#primaryimage","url":"http:\/\/simposioteologia.ups.edu.ec\/wp-content\/uploads\/sites\/14\/2020\/10\/bruce-mars-FWVMhUa_wbY-unsplash.jpg","contentUrl":"http:\/\/simposioteologia.ups.edu.ec\/wp-content\/uploads\/sites\/14\/2020\/10\/bruce-mars-FWVMhUa_wbY-unsplash.jpg"},{"@type":"BreadcrumbList","@id":"https:\/\/simposioteologia.ups.edu.ec\/convocatoria\/ejes-tematicos\/#breadcrumb","itemListElement":[{"@type":"ListItem","position":1,"name":"Portada","item":"https:\/\/simposioteologia.ups.edu.ec\/"},{"@type":"ListItem","position":2,"name":"Convocatoria","item":"https:\/\/simposioteologia.ups.edu.ec\/convocatoria\/"},{"@type":"ListItem","position":3,"name":"Ejes Tem\u00e1ticos"}]},{"@type":"WebSite","@id":"https:\/\/simposioteologia.ups.edu.ec\/#website","url":"https:\/\/simposioteologia.ups.edu.ec\/","name":"Desaf\u00edos \u00e9ticos, tecnocient\u00edficos y de la espiritualidad ecol\u00f3gica del siglo XXI","description":"","publisher":{"@id":"https:\/\/simposioteologia.ups.edu.ec\/#organization"},"potentialAction":[{"@type":"SearchAction","target":{"@type":"EntryPoint","urlTemplate":"https:\/\/simposioteologia.ups.edu.ec\/?s={search_term_string}"},"query-input":{"@type":"PropertyValueSpecification","valueRequired":true,"valueName":"search_term_string"}}],"inLanguage":"en-US"},{"@type":"Organization","@id":"https:\/\/simposioteologia.ups.edu.ec\/#organization","name":"Desaf\u00edos \u00e9ticos, tecnocient\u00edficos y de la espiritualidad ecol\u00f3gica del siglo XXI","url":"https:\/\/simposioteologia.ups.edu.ec\/","logo":{"@type":"ImageObject","inLanguage":"en-US","@id":"https:\/\/simposioteologia.ups.edu.ec\/#\/schema\/logo\/image\/","url":"https:\/\/simposioteologia.ups.edu.ec\/wp-content\/uploads\/sites\/14\/2024\/06\/cropped-LOGO-UPS-30-ANOS-COLOR.png","contentUrl":"https:\/\/simposioteologia.ups.edu.ec\/wp-content\/uploads\/sites\/14\/2024\/06\/cropped-LOGO-UPS-30-ANOS-COLOR.png","width":2174,"height":430,"caption":"Desaf\u00edos \u00e9ticos, tecnocient\u00edficos y de la espiritualidad ecol\u00f3gica del siglo XXI"},"image":{"@id":"https:\/\/simposioteologia.ups.edu.ec\/#\/schema\/logo\/image\/"}}]}},"_links":{"self":[{"href":"https:\/\/simposioteologia.ups.edu.ec\/en\/wp-json\/wp\/v2\/pages\/1263","targetHints":{"allow":["GET"]}}],"collection":[{"href":"https:\/\/simposioteologia.ups.edu.ec\/en\/wp-json\/wp\/v2\/pages"}],"about":[{"href":"https:\/\/simposioteologia.ups.edu.ec\/en\/wp-json\/wp\/v2\/types\/page"}],"author":[{"embeddable":true,"href":"https:\/\/simposioteologia.ups.edu.ec\/en\/wp-json\/wp\/v2\/users\/3"}],"replies":[{"embeddable":true,"href":"https:\/\/simposioteologia.ups.edu.ec\/en\/wp-json\/wp\/v2\/comments?post=1263"}],"version-history":[{"count":4,"href":"https:\/\/simposioteologia.ups.edu.ec\/en\/wp-json\/wp\/v2\/pages\/1263\/revisions"}],"predecessor-version":[{"id":1280,"href":"https:\/\/simposioteologia.ups.edu.ec\/en\/wp-json\/wp\/v2\/pages\/1263\/revisions\/1280"}],"up":[{"embeddable":true,"href":"https:\/\/simposioteologia.ups.edu.ec\/en\/wp-json\/wp\/v2\/pages\/35"}],"wp:attachment":[{"href":"https:\/\/simposioteologia.ups.edu.ec\/en\/wp-json\/wp\/v2\/media?parent=1263"}],"curies":[{"name":"wp","href":"https:\/\/api.w.org\/{rel}","templated":true}]}}