{"id":1295,"date":"2024-06-14T09:37:55","date_gmt":"2024-06-14T14:37:55","guid":{"rendered":"https:\/\/simposioteologia.ups.edu.ec\/?page_id=1295"},"modified":"2024-06-22T12:36:21","modified_gmt":"2024-06-22T17:36:21","slug":"teologia-y-la-tecnociencia","status":"publish","type":"page","link":"https:\/\/simposioteologia.ups.edu.ec\/en\/convocatoria\/ejes-tematicos\/teologia-y-la-tecnociencia\/","title":{"rendered":"Teolog\u00eda y la tecnociencia"},"content":{"rendered":"<div data-elementor-type=\"wp-page\" data-elementor-id=\"1295\" class=\"elementor elementor-1295\">\n\t\t\t\t<div class=\"elementor-element elementor-element-6d98f63 e-flex e-con-boxed e-con e-parent\" data-id=\"6d98f63\" data-element_type=\"container\" data-e-type=\"container\">\n\t\t\t\t\t<div class=\"e-con-inner\">\n\t\t<div class=\"elementor-element elementor-element-f062615 e-con-full e-flex e-con e-child\" data-id=\"f062615\" data-element_type=\"container\" data-e-type=\"container\">\n\t\t\t\t<div class=\"elementor-element elementor-element-04850fb elementor-widget elementor-widget-image\" data-id=\"04850fb\" data-element_type=\"widget\" data-e-type=\"widget\" data-widget_type=\"image.default\">\n\t\t\t\t<div class=\"elementor-widget-container\">\n\t\t\t\t\t\t\t\t\t\t\t\t\t\t\t<img fetchpriority=\"high\" decoding=\"async\" width=\"1024\" height=\"877\" src=\"https:\/\/simposioteologia.ups.edu.ec\/wp-content\/uploads\/sites\/14\/2024\/06\/imagen-3-1024x877.jpg\" class=\"attachment-large size-large wp-image-1477\" alt=\"\" srcset=\"https:\/\/simposioteologia.ups.edu.ec\/wp-content\/uploads\/sites\/14\/2024\/06\/imagen-3-1024x877.jpg 1024w, https:\/\/simposioteologia.ups.edu.ec\/wp-content\/uploads\/sites\/14\/2024\/06\/imagen-3-300x257.jpg 300w, https:\/\/simposioteologia.ups.edu.ec\/wp-content\/uploads\/sites\/14\/2024\/06\/imagen-3-768x658.jpg 768w, https:\/\/simposioteologia.ups.edu.ec\/wp-content\/uploads\/sites\/14\/2024\/06\/imagen-3-1536x1315.jpg 1536w, https:\/\/simposioteologia.ups.edu.ec\/wp-content\/uploads\/sites\/14\/2024\/06\/imagen-3-2048x1754.jpg 2048w\" sizes=\"(max-width: 1024px) 100vw, 1024px\" \/>\t\t\t\t\t\t\t\t\t\t\t\t\t\t\t<\/div>\n\t\t\t\t<\/div>\n\t\t\t\t<\/div>\n\t\t<div class=\"elementor-element elementor-element-1f1cbf0 e-con-full e-flex e-con e-child\" data-id=\"1f1cbf0\" data-element_type=\"container\" data-e-type=\"container\">\n\t\t\t\t<div class=\"elementor-element elementor-element-2f1dd70 elementor-widget elementor-widget-text-editor\" data-id=\"2f1dd70\" data-element_type=\"widget\" data-e-type=\"widget\" data-widget_type=\"text-editor.default\">\n\t\t\t\t<div class=\"elementor-widget-container\">\n\t\t\t\t\t\t\t\t\t<p>El desarrollo de la tecnolog\u00eda y sus implicadas relaciones con la ciencia ha generado a fines del siglo XX y en estas dos d\u00e9cadas del siglo XXI, ciertas sospechas sobre la desmedida confianza que se deposit\u00f3 en ellas, como camino para el bienestar de la humanidad en \u00e9pocas pasadas. Es importante la comprensi\u00f3n real del significado del desarrollo de la tecnolog\u00eda y de la ciencia como camino de desarrollo de sociedades m\u00e1s humanizadas y abiertas a una vivencia de la fe.\u00a0 La Teolog\u00eda pretende analizar, discutir e iluminar los desaf\u00edos de la tecnociencia dentro del Plan creador de Dios, resalta la capacidad del hombre para continuar con la acci\u00f3n creadora de Dios (Investigaci\u00f3n); de esta forma, permite acercarse de una manera positiva al proceso tecnol\u00f3gico actual, descubriendo todas las potencialidades para aportar cr\u00edticamente a los aspectos que merecen ser cuestionados o corregidos.<\/p>\t\t\t\t\t\t\t\t<\/div>\n\t\t\t\t<\/div>\n\t\t\t\t<\/div>\n\t\t\t\t\t<\/div>\n\t\t\t\t<\/div>\n\t\t\t\t<\/div>","protected":false},"excerpt":{"rendered":"<p>\/*! elementor &#8211; v3.16.0 &#8211; 20-09-2023 *\/ .elementor-widget-image{text-align:center}.elementor-widget-image a{display:inline-block}.elementor-widget-image a img[src$=\u00bb.svg\u00bb]{width:48px}.elementor-widget-image img{vertical-align:middle;display:inline-block} El desarrollo de la tecnolog\u00eda y sus implicadas relaciones con la ciencia ha generado a fines del siglo XX y en estas dos d\u00e9cadas del siglo XXI, ciertas sospechas sobre la desmedida confianza que se deposit\u00f3 en ellas, como camino para el bienestar&#8230;<\/p>\n","protected":false},"author":35,"featured_media":0,"parent":1263,"menu_order":0,"comment_status":"closed","ping_status":"closed","template":"","meta":{"_kadence_starter_templates_imported_post":false,"_kad_post_transparent":"","_kad_post_title":"","_kad_post_layout":"","_kad_post_sidebar_id":"","_kad_post_content_style":"","_kad_post_vertical_padding":"","_kad_post_feature":"","_kad_post_feature_position":"","_kad_post_header":false,"_kad_post_footer":false,"_kad_post_classname":"","footnotes":""},"class_list":["post-1295","page","type-page","status-publish","hentry"],"yoast_head":"<!-- This site is optimized with the Yoast SEO plugin v27.1.1 - https:\/\/yoast.com\/product\/yoast-seo-wordpress\/ -->\n<title>Teolog\u00eda y la tecnociencia - Desaf\u00edos \u00e9ticos, tecnocient\u00edficos y de la espiritualidad ecol\u00f3gica del siglo XXI<\/title>\n<meta name=\"robots\" content=\"index, follow, max-snippet:-1, max-image-preview:large, max-video-preview:-1\" \/>\n<link rel=\"canonical\" href=\"https:\/\/simposioteologia.ups.edu.ec\/en\/convocatoria\/ejes-tematicos\/teologia-y-la-tecnociencia\/\" \/>\n<meta property=\"og:locale\" content=\"en_US\" \/>\n<meta property=\"og:type\" content=\"article\" \/>\n<meta property=\"og:title\" content=\"Teolog\u00eda y la tecnociencia - Desaf\u00edos \u00e9ticos, tecnocient\u00edficos y de la espiritualidad ecol\u00f3gica del siglo XXI\" \/>\n<meta property=\"og:description\" content=\"\/*! elementor &#8211; v3.16.0 &#8211; 20-09-2023 *\/ .elementor-widget-image{text-align:center}.elementor-widget-image a{display:inline-block}.elementor-widget-image a img[src$=\u00bb.svg\u00bb]{width:48px}.elementor-widget-image img{vertical-align:middle;display:inline-block} El desarrollo de la tecnolog\u00eda y sus implicadas relaciones con la ciencia ha generado a fines del siglo XX y en estas dos d\u00e9cadas del siglo XXI, ciertas sospechas sobre la desmedida confianza que se deposit\u00f3 en ellas, como camino para el bienestar...\" \/>\n<meta property=\"og:url\" content=\"https:\/\/simposioteologia.ups.edu.ec\/en\/convocatoria\/ejes-tematicos\/teologia-y-la-tecnociencia\/\" \/>\n<meta property=\"og:site_name\" content=\"Desaf\u00edos \u00e9ticos, tecnocient\u00edficos y de la espiritualidad ecol\u00f3gica del siglo XXI\" \/>\n<meta property=\"article:modified_time\" content=\"2024-06-22T17:36:21+00:00\" \/>\n<meta property=\"og:image\" content=\"http:\/\/simposioteologia.ups.edu.ec\/wp-content\/uploads\/sites\/14\/2024\/06\/imagen-3-1024x877.jpg\" \/>\n<meta name=\"twitter:card\" content=\"summary_large_image\" \/>\n<meta name=\"twitter:label1\" content=\"Est. reading time\" \/>\n\t<meta name=\"twitter:data1\" content=\"1 minute\" \/>\n<script type=\"application\/ld+json\" class=\"yoast-schema-graph\">{\"@context\":\"https:\/\/schema.org\",\"@graph\":[{\"@type\":\"WebPage\",\"@id\":\"https:\/\/simposioteologia.ups.edu.ec\/convocatoria\/ejes-tematicos\/teologia-y-la-tecnociencia\/\",\"url\":\"https:\/\/simposioteologia.ups.edu.ec\/convocatoria\/ejes-tematicos\/teologia-y-la-tecnociencia\/\",\"name\":\"Teolog\u00eda y la tecnociencia - Desaf\u00edos \u00e9ticos, tecnocient\u00edficos y de la espiritualidad ecol\u00f3gica del siglo XXI\",\"isPartOf\":{\"@id\":\"https:\/\/simposioteologia.ups.edu.ec\/#website\"},\"primaryImageOfPage\":{\"@id\":\"https:\/\/simposioteologia.ups.edu.ec\/convocatoria\/ejes-tematicos\/teologia-y-la-tecnociencia\/#primaryimage\"},\"image\":{\"@id\":\"https:\/\/simposioteologia.ups.edu.ec\/convocatoria\/ejes-tematicos\/teologia-y-la-tecnociencia\/#primaryimage\"},\"thumbnailUrl\":\"http:\/\/simposioteologia.ups.edu.ec\/wp-content\/uploads\/sites\/14\/2024\/06\/imagen-3-1024x877.jpg\",\"datePublished\":\"2024-06-14T14:37:55+00:00\",\"dateModified\":\"2024-06-22T17:36:21+00:00\",\"breadcrumb\":{\"@id\":\"https:\/\/simposioteologia.ups.edu.ec\/convocatoria\/ejes-tematicos\/teologia-y-la-tecnociencia\/#breadcrumb\"},\"inLanguage\":\"en-US\",\"potentialAction\":[{\"@type\":\"ReadAction\",\"target\":[\"https:\/\/simposioteologia.ups.edu.ec\/convocatoria\/ejes-tematicos\/teologia-y-la-tecnociencia\/\"]}]},{\"@type\":\"ImageObject\",\"inLanguage\":\"en-US\",\"@id\":\"https:\/\/simposioteologia.ups.edu.ec\/convocatoria\/ejes-tematicos\/teologia-y-la-tecnociencia\/#primaryimage\",\"url\":\"http:\/\/simposioteologia.ups.edu.ec\/wp-content\/uploads\/sites\/14\/2024\/06\/imagen-3-1024x877.jpg\",\"contentUrl\":\"http:\/\/simposioteologia.ups.edu.ec\/wp-content\/uploads\/sites\/14\/2024\/06\/imagen-3-1024x877.jpg\"},{\"@type\":\"BreadcrumbList\",\"@id\":\"https:\/\/simposioteologia.ups.edu.ec\/convocatoria\/ejes-tematicos\/teologia-y-la-tecnociencia\/#breadcrumb\",\"itemListElement\":[{\"@type\":\"ListItem\",\"position\":1,\"name\":\"Portada\",\"item\":\"https:\/\/simposioteologia.ups.edu.ec\/\"},{\"@type\":\"ListItem\",\"position\":2,\"name\":\"Convocatoria\",\"item\":\"https:\/\/simposioteologia.ups.edu.ec\/convocatoria\/\"},{\"@type\":\"ListItem\",\"position\":3,\"name\":\"Ejes Tem\u00e1ticos\",\"item\":\"https:\/\/simposioteologia.ups.edu.ec\/convocatoria\/ejes-tematicos\/\"},{\"@type\":\"ListItem\",\"position\":4,\"name\":\"Teolog\u00eda y la tecnociencia\"}]},{\"@type\":\"WebSite\",\"@id\":\"https:\/\/simposioteologia.ups.edu.ec\/#website\",\"url\":\"https:\/\/simposioteologia.ups.edu.ec\/\",\"name\":\"Desaf\u00edos \u00e9ticos, tecnocient\u00edficos y de la espiritualidad ecol\u00f3gica del siglo XXI\",\"description\":\"\",\"publisher\":{\"@id\":\"https:\/\/simposioteologia.ups.edu.ec\/#organization\"},\"potentialAction\":[{\"@type\":\"SearchAction\",\"target\":{\"@type\":\"EntryPoint\",\"urlTemplate\":\"https:\/\/simposioteologia.ups.edu.ec\/?s={search_term_string}\"},\"query-input\":{\"@type\":\"PropertyValueSpecification\",\"valueRequired\":true,\"valueName\":\"search_term_string\"}}],\"inLanguage\":\"en-US\"},{\"@type\":\"Organization\",\"@id\":\"https:\/\/simposioteologia.ups.edu.ec\/#organization\",\"name\":\"Desaf\u00edos \u00e9ticos, tecnocient\u00edficos y de la espiritualidad ecol\u00f3gica del siglo XXI\",\"url\":\"https:\/\/simposioteologia.ups.edu.ec\/\",\"logo\":{\"@type\":\"ImageObject\",\"inLanguage\":\"en-US\",\"@id\":\"https:\/\/simposioteologia.ups.edu.ec\/#\/schema\/logo\/image\/\",\"url\":\"https:\/\/simposioteologia.ups.edu.ec\/wp-content\/uploads\/sites\/14\/2024\/06\/cropped-LOGO-UPS-30-ANOS-COLOR.png\",\"contentUrl\":\"https:\/\/simposioteologia.ups.edu.ec\/wp-content\/uploads\/sites\/14\/2024\/06\/cropped-LOGO-UPS-30-ANOS-COLOR.png\",\"width\":2174,\"height\":430,\"caption\":\"Desaf\u00edos \u00e9ticos, tecnocient\u00edficos y de la espiritualidad ecol\u00f3gica del siglo XXI\"},\"image\":{\"@id\":\"https:\/\/simposioteologia.ups.edu.ec\/#\/schema\/logo\/image\/\"}}]}<\/script>\n<!-- \/ Yoast SEO plugin. -->","yoast_head_json":{"title":"Teolog\u00eda y la tecnociencia - Desaf\u00edos \u00e9ticos, tecnocient\u00edficos y de la espiritualidad ecol\u00f3gica del siglo XXI","robots":{"index":"index","follow":"follow","max-snippet":"max-snippet:-1","max-image-preview":"max-image-preview:large","max-video-preview":"max-video-preview:-1"},"canonical":"https:\/\/simposioteologia.ups.edu.ec\/en\/convocatoria\/ejes-tematicos\/teologia-y-la-tecnociencia\/","og_locale":"en_US","og_type":"article","og_title":"Teolog\u00eda y la tecnociencia - Desaf\u00edos \u00e9ticos, tecnocient\u00edficos y de la espiritualidad ecol\u00f3gica del siglo XXI","og_description":"\/*! elementor &#8211; v3.16.0 &#8211; 20-09-2023 *\/ .elementor-widget-image{text-align:center}.elementor-widget-image a{display:inline-block}.elementor-widget-image a img[src$=\u00bb.svg\u00bb]{width:48px}.elementor-widget-image img{vertical-align:middle;display:inline-block} El desarrollo de la tecnolog\u00eda y sus implicadas relaciones con la ciencia ha generado a fines del siglo XX y en estas dos d\u00e9cadas del siglo XXI, ciertas sospechas sobre la desmedida confianza que se deposit\u00f3 en ellas, como camino para el bienestar...","og_url":"https:\/\/simposioteologia.ups.edu.ec\/en\/convocatoria\/ejes-tematicos\/teologia-y-la-tecnociencia\/","og_site_name":"Desaf\u00edos \u00e9ticos, tecnocient\u00edficos y de la espiritualidad ecol\u00f3gica del siglo XXI","article_modified_time":"2024-06-22T17:36:21+00:00","og_image":[{"url":"http:\/\/simposioteologia.ups.edu.ec\/wp-content\/uploads\/sites\/14\/2024\/06\/imagen-3-1024x877.jpg","type":"","width":"","height":""}],"twitter_card":"summary_large_image","twitter_misc":{"Est. reading time":"1 minute"},"schema":{"@context":"https:\/\/schema.org","@graph":[{"@type":"WebPage","@id":"https:\/\/simposioteologia.ups.edu.ec\/convocatoria\/ejes-tematicos\/teologia-y-la-tecnociencia\/","url":"https:\/\/simposioteologia.ups.edu.ec\/convocatoria\/ejes-tematicos\/teologia-y-la-tecnociencia\/","name":"Teolog\u00eda y la tecnociencia - Desaf\u00edos \u00e9ticos, tecnocient\u00edficos y de la espiritualidad ecol\u00f3gica del siglo XXI","isPartOf":{"@id":"https:\/\/simposioteologia.ups.edu.ec\/#website"},"primaryImageOfPage":{"@id":"https:\/\/simposioteologia.ups.edu.ec\/convocatoria\/ejes-tematicos\/teologia-y-la-tecnociencia\/#primaryimage"},"image":{"@id":"https:\/\/simposioteologia.ups.edu.ec\/convocatoria\/ejes-tematicos\/teologia-y-la-tecnociencia\/#primaryimage"},"thumbnailUrl":"http:\/\/simposioteologia.ups.edu.ec\/wp-content\/uploads\/sites\/14\/2024\/06\/imagen-3-1024x877.jpg","datePublished":"2024-06-14T14:37:55+00:00","dateModified":"2024-06-22T17:36:21+00:00","breadcrumb":{"@id":"https:\/\/simposioteologia.ups.edu.ec\/convocatoria\/ejes-tematicos\/teologia-y-la-tecnociencia\/#breadcrumb"},"inLanguage":"en-US","potentialAction":[{"@type":"ReadAction","target":["https:\/\/simposioteologia.ups.edu.ec\/convocatoria\/ejes-tematicos\/teologia-y-la-tecnociencia\/"]}]},{"@type":"ImageObject","inLanguage":"en-US","@id":"https:\/\/simposioteologia.ups.edu.ec\/convocatoria\/ejes-tematicos\/teologia-y-la-tecnociencia\/#primaryimage","url":"http:\/\/simposioteologia.ups.edu.ec\/wp-content\/uploads\/sites\/14\/2024\/06\/imagen-3-1024x877.jpg","contentUrl":"http:\/\/simposioteologia.ups.edu.ec\/wp-content\/uploads\/sites\/14\/2024\/06\/imagen-3-1024x877.jpg"},{"@type":"BreadcrumbList","@id":"https:\/\/simposioteologia.ups.edu.ec\/convocatoria\/ejes-tematicos\/teologia-y-la-tecnociencia\/#breadcrumb","itemListElement":[{"@type":"ListItem","position":1,"name":"Portada","item":"https:\/\/simposioteologia.ups.edu.ec\/"},{"@type":"ListItem","position":2,"name":"Convocatoria","item":"https:\/\/simposioteologia.ups.edu.ec\/convocatoria\/"},{"@type":"ListItem","position":3,"name":"Ejes Tem\u00e1ticos","item":"https:\/\/simposioteologia.ups.edu.ec\/convocatoria\/ejes-tematicos\/"},{"@type":"ListItem","position":4,"name":"Teolog\u00eda y la tecnociencia"}]},{"@type":"WebSite","@id":"https:\/\/simposioteologia.ups.edu.ec\/#website","url":"https:\/\/simposioteologia.ups.edu.ec\/","name":"Desaf\u00edos \u00e9ticos, tecnocient\u00edficos y de la espiritualidad ecol\u00f3gica del siglo XXI","description":"","publisher":{"@id":"https:\/\/simposioteologia.ups.edu.ec\/#organization"},"potentialAction":[{"@type":"SearchAction","target":{"@type":"EntryPoint","urlTemplate":"https:\/\/simposioteologia.ups.edu.ec\/?s={search_term_string}"},"query-input":{"@type":"PropertyValueSpecification","valueRequired":true,"valueName":"search_term_string"}}],"inLanguage":"en-US"},{"@type":"Organization","@id":"https:\/\/simposioteologia.ups.edu.ec\/#organization","name":"Desaf\u00edos \u00e9ticos, tecnocient\u00edficos y de la espiritualidad ecol\u00f3gica del siglo XXI","url":"https:\/\/simposioteologia.ups.edu.ec\/","logo":{"@type":"ImageObject","inLanguage":"en-US","@id":"https:\/\/simposioteologia.ups.edu.ec\/#\/schema\/logo\/image\/","url":"https:\/\/simposioteologia.ups.edu.ec\/wp-content\/uploads\/sites\/14\/2024\/06\/cropped-LOGO-UPS-30-ANOS-COLOR.png","contentUrl":"https:\/\/simposioteologia.ups.edu.ec\/wp-content\/uploads\/sites\/14\/2024\/06\/cropped-LOGO-UPS-30-ANOS-COLOR.png","width":2174,"height":430,"caption":"Desaf\u00edos \u00e9ticos, tecnocient\u00edficos y de la espiritualidad ecol\u00f3gica del siglo XXI"},"image":{"@id":"https:\/\/simposioteologia.ups.edu.ec\/#\/schema\/logo\/image\/"}}]}},"_links":{"self":[{"href":"https:\/\/simposioteologia.ups.edu.ec\/en\/wp-json\/wp\/v2\/pages\/1295","targetHints":{"allow":["GET"]}}],"collection":[{"href":"https:\/\/simposioteologia.ups.edu.ec\/en\/wp-json\/wp\/v2\/pages"}],"about":[{"href":"https:\/\/simposioteologia.ups.edu.ec\/en\/wp-json\/wp\/v2\/types\/page"}],"author":[{"embeddable":true,"href":"https:\/\/simposioteologia.ups.edu.ec\/en\/wp-json\/wp\/v2\/users\/35"}],"replies":[{"embeddable":true,"href":"https:\/\/simposioteologia.ups.edu.ec\/en\/wp-json\/wp\/v2\/comments?post=1295"}],"version-history":[{"count":5,"href":"https:\/\/simposioteologia.ups.edu.ec\/en\/wp-json\/wp\/v2\/pages\/1295\/revisions"}],"predecessor-version":[{"id":1562,"href":"https:\/\/simposioteologia.ups.edu.ec\/en\/wp-json\/wp\/v2\/pages\/1295\/revisions\/1562"}],"up":[{"embeddable":true,"href":"https:\/\/simposioteologia.ups.edu.ec\/en\/wp-json\/wp\/v2\/pages\/1263"}],"wp:attachment":[{"href":"https:\/\/simposioteologia.ups.edu.ec\/en\/wp-json\/wp\/v2\/media?parent=1295"}],"curies":[{"name":"wp","href":"https:\/\/api.w.org\/{rel}","templated":true}]}}